{"id":4210,"date":"2022-09-27T16:54:24","date_gmt":"2022-09-27T16:54:24","guid":{"rendered":"https:\/\/semanasantaferrol.com\/politica-de-privacidade\/"},"modified":"2022-09-27T17:37:26","modified_gmt":"2022-09-27T17:37:26","slug":"politica-de-privacidade","status":"publish","type":"page","link":"https:\/\/semanasantaferrol.com\/gl\/politica-de-privacidade\/","title":{"rendered":"Politica de privacidade"},"content":{"rendered":"\t\t<div data-elementor-type=\"wp-page\" data-elementor-id=\"4210\" class=\"elementor elementor-4210 elementor-4187\" data-elementor-post-type=\"page\">\n\t\t\t\t\t\t<section class=\"elementor-section elementor-top-section elementor-element elementor-element-b70a6f2 elementor-section-boxed elementor-section-height-default elementor-section-height-default\" data-id=\"b70a6f2\" data-element_type=\"section\" data-e-type=\"section\" data-settings=\"{&quot;jet_parallax_layout_list&quot;:[],&quot;background_background&quot;:&quot;classic&quot;}\">\n\t\t\t\t\t\t<div class=\"elementor-container elementor-column-gap-default\">\n\t\t\t\t\t<div class=\"elementor-column elementor-col-100 elementor-top-column elementor-element elementor-element-d5e5d51\" data-id=\"d5e5d51\" data-element_type=\"column\" data-e-type=\"column\">\n\t\t\t<div class=\"elementor-widget-wrap elementor-element-populated\">\n\t\t\t\t\t\t<div class=\"elementor-element elementor-element-af49708 elementor-widget elementor-widget-heading\" data-id=\"af49708\" data-element_type=\"widget\" data-e-type=\"widget\" data-widget_type=\"heading.default\">\n\t\t\t\t<div class=\"elementor-widget-container\">\n\t\t\t\t\t<h2 class=\"elementor-heading-title elementor-size-default\">Pol\u00edtica de Protecci\u00f3n de Datos<\/h2>\t\t\t\t<\/div>\n\t\t\t\t<\/div>\n\t\t\t\t\t<\/div>\n\t\t<\/div>\n\t\t\t\t\t<\/div>\n\t\t<\/section>\n\t\t\t\t<section class=\"elementor-section elementor-top-section elementor-element elementor-element-84595e9 elementor-section-boxed elementor-section-height-default elementor-section-height-default\" data-id=\"84595e9\" data-element_type=\"section\" data-e-type=\"section\" data-settings=\"{&quot;jet_parallax_layout_list&quot;:[],&quot;background_background&quot;:&quot;classic&quot;}\">\n\t\t\t\t\t\t<div class=\"elementor-container elementor-column-gap-default\">\n\t\t\t\t\t<div class=\"elementor-column elementor-col-100 elementor-top-column elementor-element elementor-element-03e9e1a\" data-id=\"03e9e1a\" data-element_type=\"column\" data-e-type=\"column\">\n\t\t\t<div class=\"elementor-widget-wrap elementor-element-populated\">\n\t\t\t\t\t\t<div class=\"elementor-element elementor-element-3ca8032 elementor-widget elementor-widget-text-editor\" data-id=\"3ca8032\" data-element_type=\"widget\" data-e-type=\"widget\" data-widget_type=\"text-editor.default\">\n\t\t\t\t<div class=\"elementor-widget-container\">\n\t\t\t\t\t\t\t\t\t<p>De acordo con a normativa de Protecci\u00f3n de Datos de Car\u00e1cter Persoal, procedemos a informarlle do tratamento de datos persoais que realizamos dos nosos usuarios da presente p\u00e1xina web.<\/p>\n<ul>\n<li><b>Responsable de tratamento dos datos<\/b>\n<\/li>\n<\/ul>\n<p>JUNTA GENERAL DE COFRAD\u00cdAS Y HERMANDADES DE LA SEMANA SANTA DE FERROL <br>R\u00daA MAGDALENA N\u00ba 224 &#8211; 15402 FERROL (A CORU\u00d1A)<br><a href=\"mailto:semanasantadeferrol@gmail.com\">semanasantadeferrol@gmail.com<\/a><\/p>\n<ul>\n<li><b>Finalidade do tratamento e lexitimaci\u00f3n<\/b>\n<\/li>\n<\/ul>\n<p>JUNTA GENERAL DE COFRAD\u00cdAS Y HERMANDADES DE LA SEMANA SANTA DE FERROL poder\u00e1 tratar os seus datos de car\u00e1cter persoal de acordo con as seguintes finalidades:<br><b>SERVIZO DE ATENCI\u00d3N AO USUARIO A TRAV\u00c9S DO ENV\u00cdO DE CORREOS ELECTR\u00d3NICOS<\/b><br><b>Finalidade de tratamento: <\/b>trataremos os datos estritamente necesarios para xestionar a s\u00faa petici\u00f3n. <br><b>Lexitimaci\u00f3n:<\/b> existe un interese lex\u00edtimo por ambas as partes para a resoluci\u00f3n de solicitudes ou consultas.<br>En caso de reclamaci\u00f3ns relacionadas cos nosos servizos, a lexitimaci\u00f3n \u00e9 o cumprimento de obrigaci\u00f3ns legais pola nosa banda. <br><b>Prazo de conservaci\u00f3n:<\/b> o tempo necesario para dar resposta \u00e1 s\u00faa solicitude e, en calquera caso, ata que transcorra o prazo de prescrici\u00f3n de posibles acci\u00f3ns de responsabilidade derivadas do tratamento.<br><b>SERVIZO DE COMUNICACI\u00d3N A TRAV\u00c9S DE WHATSAPP<\/b><br><b>Finalidade do tratamento:<\/b> En caso de subscrici\u00f3n \u00e1 nosa canle de difusi\u00f3n de noticias de interese relacionadas coa Semana Santa de Ferrol e cada unha das s\u00faas confrar\u00edas, trataranse os datos persoais para xestionar esa subscrici\u00f3n e enviarlle informaci\u00f3n personalizada sobre os nosos servizos.<br>Poder\u00e1 darse de baixa a trav\u00e9s do propio WhatsApp.<br><b>Lexitimaci\u00f3n:<\/b> A lexitimaci\u00f3n \u00e9 o seu consentimento. <br><b>Prazo de conservaci\u00f3n: <\/b>ata que decida deixar de recibir as nosas noticias. <br>Pode solicitar a baixa enviando un WhatsApp ao contacto \u201cSemanaSantadeFerrol\u201d co texto \u201cBaixa\u201d.<\/p>\n<ul>\n<li><b>Destinatarios de cesi\u00f3ns<\/b><\/li>\n<\/ul>\n<p>XUNTA XERAL DE CONFRAR\u00cdAS E IRMANDADES DA SEMANA SANTA DE FERROL non cederemos os seus datos a terceiros, salvo para dar cumprimento a unha obrigaci\u00f3n legal.<\/p>\n<ul>\n<li><b>Pol\u00edtica de cookies<\/b><\/li>\n<\/ul>\n<p>Para revisar o tratamento de satos relativo \u00e1s cookies, pode consultar a pol\u00edtica de cookies dispo\u00f1ible nesta mesma p\u00e1xina web.<\/p>\n<p>Poder\u00e1 configurar as s\u00faas preferencias respecto ao uso de cookies no propio aviso de configuraci\u00f3n de cookies.<\/p>\n<ul>\n<li><b>Dereitos <\/b><\/li>\n<\/ul>\n<p>Por \u00faltimo, inform\u00e1moslle dos seus dereitos en materia de protecci\u00f3n de datos.<\/p>\n<ul>\n<li>Dereito a solicitar o acceso aos seus datos persoais.<\/li>\n<li>Dereito a solicitar a s\u00faa rectificaci\u00f3n ou supresi\u00f3n.<\/li>\n<li>Dereito a solicitar a limitaci\u00f3n do seu tratamento, e a opo\u00f1erse ao tratamento.<\/li>\n<li>Dereito \u00e1 portabilidad dos datos.<\/li>\n<li>Dereito \u00e1 retirada do seu consentimento<\/li>\n<\/ul>\n<p>Pode enviar a s\u00faa solicitude a trav\u00e9s da conta de correo electr\u00f3nico: semanasantadeferrol@gmail.com.<br>Se considera que non atendemos correctamente os seus dereitos, poder\u00e1 formular unha reclamaci\u00f3n ante a Axencia Espa\u00f1ola de Protecci\u00f3n de Datos, a trav\u00e9s das seguintes v\u00edas:<\/p>\n<ul>\n<li>Sede electr\u00f3nica: <a href=\"http:\/\/www.aepd.es\" target=\"_blank\">www.aepd.es<\/a><\/li>\n<li>Correo postal: C\/ Jorge Juan 6, 28001 \u2013 Madrid<\/li>\n<li>Tel\u00e9fono: 901 100 099 \u2013 91 266 35 17<\/li>\n<\/ul>\n<ul>\n<li>Medidas de Seguridade<\/li>\n<\/ul>\n<p>XUNTA XERAL DE CONFRAR\u00cdAS E IRMANDADES DA SEMANA SANTA DE FERROL ten implantadas as medidas t\u00e9cnicas e organizativas necesarias para garantir a seguridade dos seus datos de car\u00e1cter persoal e evitar a s\u00faa alteraci\u00f3n, a perda e o tratamento e\/o o acceso non autorizado, teniendo en cuenta o estado da tecnolox\u00eda, a natureza dos datos almacenados e os riscos provenientes da acci\u00f3n humana ou do medio f\u00edsico e natural a que est\u00e1n expostas.<\/p>\t\t\t\t\t\t\t\t<\/div>\n\t\t\t\t<\/div>\n\t\t\t\t\t<\/div>\n\t\t<\/div>\n\t\t\t\t\t<\/div>\n\t\t<\/section>\n\t\t\t\t<\/div>\n\t\t","protected":false},"excerpt":{"rendered":"<p>Pol\u00edtica de Protecci\u00f3n de Datos De acordo con a normativa de Protecci\u00f3n de Datos de Car\u00e1cter Persoal, procedemos a informarlle do tratamento de datos persoais que realizamos dos nosos usuarios da presente p\u00e1xina web. Responsable de tratamento dos datos JUNTA GENERAL DE COFRAD\u00cdAS Y HERMANDADES DE LA SEMANA SANTA DE FERROL R\u00daA MAGDALENA N\u00ba 224 [&hellip;]<\/p>\n","protected":false},"author":1,"featured_media":0,"parent":0,"menu_order":0,"comment_status":"closed","ping_status":"closed","template":"elementor_header_footer","meta":{"footnotes":""},"class_list":["post-4210","page","type-page","status-publish","hentry"],"yoast_head":"<!-- This site is optimized with the Yoast SEO plugin v27.5 - https:\/\/yoast.com\/product\/yoast-seo-wordpress\/ -->\n<title>Politica de privacidade - Junta General de Cofrad\u00edas y Hermandades<\/title>\n<meta name=\"robots\" content=\"index, follow, max-snippet:-1, max-image-preview:large, max-video-preview:-1\" \/>\n<link rel=\"canonical\" href=\"https:\/\/semanasantaferrol.com\/gl\/politica-de-privacidade\/\" \/>\n<meta property=\"og:locale\" content=\"gl_ES\" \/>\n<meta property=\"og:type\" content=\"article\" \/>\n<meta property=\"og:title\" content=\"Politica de privacidade - Junta General de Cofrad\u00edas y Hermandades\" \/>\n<meta property=\"og:description\" content=\"Pol\u00edtica de Protecci\u00f3n de Datos De acordo con a normativa de Protecci\u00f3n de Datos de Car\u00e1cter Persoal, procedemos a informarlle do tratamento de datos persoais que realizamos dos nosos usuarios da presente p\u00e1xina web. Responsable de tratamento dos datos JUNTA GENERAL DE COFRAD\u00cdAS Y HERMANDADES DE LA SEMANA SANTA DE FERROL R\u00daA MAGDALENA N\u00ba 224 [&hellip;]\" \/>\n<meta property=\"og:url\" content=\"https:\/\/semanasantaferrol.com\/gl\/politica-de-privacidade\/\" \/>\n<meta property=\"og:site_name\" content=\"Junta General de Cofrad\u00edas y Hermandades\" \/>\n<meta property=\"article:publisher\" content=\"https:\/\/www.facebook.com\/Juntageneraldecofradias\/\" \/>\n<meta property=\"article:modified_time\" content=\"2022-09-27T17:37:26+00:00\" \/>\n<meta property=\"og:image\" content=\"https:\/\/semanasantaferrol.com\/wp-content\/uploads\/2025\/03\/Diseno-sin-titulo-13.png\" \/>\n\t<meta property=\"og:image:width\" content=\"1200\" \/>\n\t<meta property=\"og:image:height\" content=\"675\" \/>\n\t<meta property=\"og:image:type\" content=\"image\/png\" \/>\n<meta name=\"twitter:card\" content=\"summary_large_image\" \/>\n<meta name=\"twitter:label1\" content=\"Tempo de lectura\" \/>\n\t<meta name=\"twitter:data1\" content=\"3 minutos\" \/>\n<script type=\"application\/ld+json\" class=\"yoast-schema-graph\">{\"@context\":\"https:\\\/\\\/schema.org\",\"@graph\":[{\"@type\":\"WebPage\",\"@id\":\"https:\\\/\\\/semanasantaferrol.com\\\/gl\\\/politica-de-privacidade\\\/\",\"url\":\"https:\\\/\\\/semanasantaferrol.com\\\/gl\\\/politica-de-privacidade\\\/\",\"name\":\"Politica de privacidade - Junta General de Cofrad\u00edas y Hermandades\",\"isPartOf\":{\"@id\":\"https:\\\/\\\/semanasantaferrol.com\\\/gl\\\/#website\"},\"datePublished\":\"2022-09-27T16:54:24+00:00\",\"dateModified\":\"2022-09-27T17:37:26+00:00\",\"breadcrumb\":{\"@id\":\"https:\\\/\\\/semanasantaferrol.com\\\/gl\\\/politica-de-privacidade\\\/#breadcrumb\"},\"inLanguage\":\"gl-ES\",\"potentialAction\":[{\"@type\":\"ReadAction\",\"target\":[\"https:\\\/\\\/semanasantaferrol.com\\\/gl\\\/politica-de-privacidade\\\/\"]}]},{\"@type\":\"BreadcrumbList\",\"@id\":\"https:\\\/\\\/semanasantaferrol.com\\\/gl\\\/politica-de-privacidade\\\/#breadcrumb\",\"itemListElement\":[{\"@type\":\"ListItem\",\"position\":1,\"name\":\"Portada\",\"item\":\"https:\\\/\\\/semanasantaferrol.com\\\/gl\\\/\"},{\"@type\":\"ListItem\",\"position\":2,\"name\":\"Politica de privacidade\"}]},{\"@type\":\"WebSite\",\"@id\":\"https:\\\/\\\/semanasantaferrol.com\\\/gl\\\/#website\",\"url\":\"https:\\\/\\\/semanasantaferrol.com\\\/gl\\\/\",\"name\":\"Junta General de Cofrad\u00edas y Hermandades\",\"description\":\"Semana Santa de Ferrol\",\"publisher\":{\"@id\":\"https:\\\/\\\/semanasantaferrol.com\\\/gl\\\/#organization\"},\"alternateName\":\"Semana Santa de Ferrol\",\"potentialAction\":[{\"@type\":\"SearchAction\",\"target\":{\"@type\":\"EntryPoint\",\"urlTemplate\":\"https:\\\/\\\/semanasantaferrol.com\\\/gl\\\/?s={search_term_string}\"},\"query-input\":{\"@type\":\"PropertyValueSpecification\",\"valueRequired\":true,\"valueName\":\"search_term_string\"}}],\"inLanguage\":\"gl-ES\"},{\"@type\":\"Organization\",\"@id\":\"https:\\\/\\\/semanasantaferrol.com\\\/gl\\\/#organization\",\"name\":\"Junta General de Cofrad\u00edas y Hermandades de la Semana Santa de Ferrol\",\"alternateName\":\"Junta de Cofrad\u00edas de la Semana Santa de Ferrol\",\"url\":\"https:\\\/\\\/semanasantaferrol.com\\\/gl\\\/\",\"logo\":{\"@type\":\"ImageObject\",\"inLanguage\":\"gl-ES\",\"@id\":\"https:\\\/\\\/semanasantaferrol.com\\\/gl\\\/#\\\/schema\\\/logo\\\/image\\\/\",\"url\":\"https:\\\/\\\/semanasantaferrol.com\\\/wp-content\\\/uploads\\\/2022\\\/10\\\/junta_general_logo.svg\",\"contentUrl\":\"https:\\\/\\\/semanasantaferrol.com\\\/wp-content\\\/uploads\\\/2022\\\/10\\\/junta_general_logo.svg\",\"width\":600,\"height\":790,\"caption\":\"Junta General de Cofrad\u00edas y Hermandades de la Semana Santa de Ferrol\"},\"image\":{\"@id\":\"https:\\\/\\\/semanasantaferrol.com\\\/gl\\\/#\\\/schema\\\/logo\\\/image\\\/\"},\"sameAs\":[\"https:\\\/\\\/www.facebook.com\\\/Juntageneraldecofradias\\\/\",\"https:\\\/\\\/www.instagram.com\\\/juntageneralcofradiasferrol\\\/\",\"https:\\\/\\\/www.youtube.com\\\/@semanasantadeferrol1616\",\"https:\\\/\\\/www.tiktok.com\\\/@semanasantadeferrol\"]}]}<\/script>\n<!-- \/ Yoast SEO plugin. -->","yoast_head_json":{"title":"Politica de privacidade - Junta General de Cofrad\u00edas y Hermandades","robots":{"index":"index","follow":"follow","max-snippet":"max-snippet:-1","max-image-preview":"max-image-preview:large","max-video-preview":"max-video-preview:-1"},"canonical":"https:\/\/semanasantaferrol.com\/gl\/politica-de-privacidade\/","og_locale":"gl_ES","og_type":"article","og_title":"Politica de privacidade - Junta General de Cofrad\u00edas y Hermandades","og_description":"Pol\u00edtica de Protecci\u00f3n de Datos De acordo con a normativa de Protecci\u00f3n de Datos de Car\u00e1cter Persoal, procedemos a informarlle do tratamento de datos persoais que realizamos dos nosos usuarios da presente p\u00e1xina web. Responsable de tratamento dos datos JUNTA GENERAL DE COFRAD\u00cdAS Y HERMANDADES DE LA SEMANA SANTA DE FERROL R\u00daA MAGDALENA N\u00ba 224 [&hellip;]","og_url":"https:\/\/semanasantaferrol.com\/gl\/politica-de-privacidade\/","og_site_name":"Junta General de Cofrad\u00edas y Hermandades","article_publisher":"https:\/\/www.facebook.com\/Juntageneraldecofradias\/","article_modified_time":"2022-09-27T17:37:26+00:00","og_image":[{"width":1200,"height":675,"url":"https:\/\/semanasantaferrol.com\/wp-content\/uploads\/2025\/03\/Diseno-sin-titulo-13.png","type":"image\/png"}],"twitter_card":"summary_large_image","twitter_misc":{"Tempo de lectura":"3 minutos"},"schema":{"@context":"https:\/\/schema.org","@graph":[{"@type":"WebPage","@id":"https:\/\/semanasantaferrol.com\/gl\/politica-de-privacidade\/","url":"https:\/\/semanasantaferrol.com\/gl\/politica-de-privacidade\/","name":"Politica de privacidade - Junta General de Cofrad\u00edas y Hermandades","isPartOf":{"@id":"https:\/\/semanasantaferrol.com\/gl\/#website"},"datePublished":"2022-09-27T16:54:24+00:00","dateModified":"2022-09-27T17:37:26+00:00","breadcrumb":{"@id":"https:\/\/semanasantaferrol.com\/gl\/politica-de-privacidade\/#breadcrumb"},"inLanguage":"gl-ES","potentialAction":[{"@type":"ReadAction","target":["https:\/\/semanasantaferrol.com\/gl\/politica-de-privacidade\/"]}]},{"@type":"BreadcrumbList","@id":"https:\/\/semanasantaferrol.com\/gl\/politica-de-privacidade\/#breadcrumb","itemListElement":[{"@type":"ListItem","position":1,"name":"Portada","item":"https:\/\/semanasantaferrol.com\/gl\/"},{"@type":"ListItem","position":2,"name":"Politica de privacidade"}]},{"@type":"WebSite","@id":"https:\/\/semanasantaferrol.com\/gl\/#website","url":"https:\/\/semanasantaferrol.com\/gl\/","name":"Junta General de Cofrad\u00edas y Hermandades","description":"Semana Santa de Ferrol","publisher":{"@id":"https:\/\/semanasantaferrol.com\/gl\/#organization"},"alternateName":"Semana Santa de Ferrol","potentialAction":[{"@type":"SearchAction","target":{"@type":"EntryPoint","urlTemplate":"https:\/\/semanasantaferrol.com\/gl\/?s={search_term_string}"},"query-input":{"@type":"PropertyValueSpecification","valueRequired":true,"valueName":"search_term_string"}}],"inLanguage":"gl-ES"},{"@type":"Organization","@id":"https:\/\/semanasantaferrol.com\/gl\/#organization","name":"Junta General de Cofrad\u00edas y Hermandades de la Semana Santa de Ferrol","alternateName":"Junta de Cofrad\u00edas de la Semana Santa de Ferrol","url":"https:\/\/semanasantaferrol.com\/gl\/","logo":{"@type":"ImageObject","inLanguage":"gl-ES","@id":"https:\/\/semanasantaferrol.com\/gl\/#\/schema\/logo\/image\/","url":"https:\/\/semanasantaferrol.com\/wp-content\/uploads\/2022\/10\/junta_general_logo.svg","contentUrl":"https:\/\/semanasantaferrol.com\/wp-content\/uploads\/2022\/10\/junta_general_logo.svg","width":600,"height":790,"caption":"Junta General de Cofrad\u00edas y Hermandades de la Semana Santa de Ferrol"},"image":{"@id":"https:\/\/semanasantaferrol.com\/gl\/#\/schema\/logo\/image\/"},"sameAs":["https:\/\/www.facebook.com\/Juntageneraldecofradias\/","https:\/\/www.instagram.com\/juntageneralcofradiasferrol\/","https:\/\/www.youtube.com\/@semanasantadeferrol1616","https:\/\/www.tiktok.com\/@semanasantadeferrol"]}]}},"_links":{"self":[{"href":"https:\/\/semanasantaferrol.com\/gl\/wp-json\/wp\/v2\/pages\/4210","targetHints":{"allow":["GET"]}}],"collection":[{"href":"https:\/\/semanasantaferrol.com\/gl\/wp-json\/wp\/v2\/pages"}],"about":[{"href":"https:\/\/semanasantaferrol.com\/gl\/wp-json\/wp\/v2\/types\/page"}],"author":[{"embeddable":true,"href":"https:\/\/semanasantaferrol.com\/gl\/wp-json\/wp\/v2\/users\/1"}],"replies":[{"embeddable":true,"href":"https:\/\/semanasantaferrol.com\/gl\/wp-json\/wp\/v2\/comments?post=4210"}],"version-history":[{"count":4,"href":"https:\/\/semanasantaferrol.com\/gl\/wp-json\/wp\/v2\/pages\/4210\/revisions"}],"predecessor-version":[{"id":4226,"href":"https:\/\/semanasantaferrol.com\/gl\/wp-json\/wp\/v2\/pages\/4210\/revisions\/4226"}],"wp:attachment":[{"href":"https:\/\/semanasantaferrol.com\/gl\/wp-json\/wp\/v2\/media?parent=4210"}],"curies":[{"name":"wp","href":"https:\/\/api.w.org\/{rel}","templated":true}]}}