{"id":4206,"date":"2022-09-27T17:02:57","date_gmt":"2022-09-27T17:02:57","guid":{"rendered":"https:\/\/semanasantaferrol.com\/aviso-legal\/"},"modified":"2022-09-27T17:36:05","modified_gmt":"2022-09-27T17:36:05","slug":"aviso-legal","status":"publish","type":"page","link":"https:\/\/semanasantaferrol.com\/gl\/aviso-legal\/","title":{"rendered":"Aviso Legal"},"content":{"rendered":"\t\t<div data-elementor-type=\"wp-page\" data-elementor-id=\"4206\" class=\"elementor elementor-4206 elementor-4192\" data-elementor-post-type=\"page\">\n\t\t\t\t\t\t<section class=\"elementor-section elementor-top-section elementor-element elementor-element-1e87c87 elementor-section-boxed elementor-section-height-default elementor-section-height-default\" data-id=\"1e87c87\" data-element_type=\"section\" data-e-type=\"section\" data-settings=\"{&quot;jet_parallax_layout_list&quot;:[],&quot;background_background&quot;:&quot;classic&quot;}\">\n\t\t\t\t\t\t<div class=\"elementor-container elementor-column-gap-default\">\n\t\t\t\t\t<div class=\"elementor-column elementor-col-100 elementor-top-column elementor-element elementor-element-6955a26\" data-id=\"6955a26\" data-element_type=\"column\" data-e-type=\"column\">\n\t\t\t<div class=\"elementor-widget-wrap elementor-element-populated\">\n\t\t\t\t\t\t<div class=\"elementor-element elementor-element-0763ca5 elementor-widget elementor-widget-heading\" data-id=\"0763ca5\" data-element_type=\"widget\" data-e-type=\"widget\" data-widget_type=\"heading.default\">\n\t\t\t\t<div class=\"elementor-widget-container\">\n\t\t\t\t\t<h2 class=\"elementor-heading-title elementor-size-default\">Aviso Legal<\/h2>\t\t\t\t<\/div>\n\t\t\t\t<\/div>\n\t\t\t\t\t<\/div>\n\t\t<\/div>\n\t\t\t\t\t<\/div>\n\t\t<\/section>\n\t\t\t\t<section class=\"elementor-section elementor-top-section elementor-element elementor-element-5578ce0 elementor-section-boxed elementor-section-height-default elementor-section-height-default\" data-id=\"5578ce0\" data-element_type=\"section\" data-e-type=\"section\" data-settings=\"{&quot;jet_parallax_layout_list&quot;:[],&quot;background_background&quot;:&quot;classic&quot;}\">\n\t\t\t\t\t\t<div class=\"elementor-container elementor-column-gap-default\">\n\t\t\t\t\t<div class=\"elementor-column elementor-col-100 elementor-top-column elementor-element elementor-element-33f40b0\" data-id=\"33f40b0\" data-element_type=\"column\" data-e-type=\"column\">\n\t\t\t<div class=\"elementor-widget-wrap elementor-element-populated\">\n\t\t\t\t\t\t<div class=\"elementor-element elementor-element-dbe7c55 elementor-widget elementor-widget-text-editor\" data-id=\"dbe7c55\" data-element_type=\"widget\" data-e-type=\"widget\" data-widget_type=\"text-editor.default\">\n\t\t\t\t<div class=\"elementor-widget-container\">\n\t\t\t\t\t\t\t\t\t<p><b>DATOS IDENTIFICATIVOS<\/b><br>No cumprimento co deber de informaci\u00f3n recollida no artigo 10 da Lei 34\/2022, do 11 de xullo, de Servizos da Sociedade da informaci\u00f3n e de Comercio Electr\u00f3nico, a continuaci\u00f3n, refl\u00edctense os seguintes datos:<br>XUNTA XERAL DE CONFRAR\u00cdAS E IRMANDADES DA SEMANA SANTA DE FERROL<br>CIF: G70437181<br>R\u00daA MAGDALENA N.\u00ba 224 &#8211; FERROL (A CORU\u00d1A) <br><a href=\"mailto:semanasantadeferrol@gmail.com\">semanasantadeferrol@gmail.com<\/a><\/p>\n<p><b>USUARIOS<\/b><br>Toda persoa que acceda, navegue ou utilice o sitio web entenderase como usuario. O acceso, navegaci\u00f3n e\/o uso do sitio web de XUNTA XERAL DE CONFRAR\u00cdAS E IRMANDADES DA SEMANA SANTA DE FERROL implica para o usuario a aceptaci\u00f3n destas condici\u00f3ns xerais. Por tanto, o usuario debe ler atentamente estas condici\u00f3ns xerais.<\/p>\n<p><b>CONDICI\u00d3NS XERAIS<\/b><\/p>\n<p>XUNTA XERAL DE CONFRAR\u00cdAS E IRMANDADES DA SEMANA SANTA DE FERROL informa que o acceso e uso da p\u00e1xina <a href=\"http:\/\/www.semanasantaferrol.com\" target=\"_blank\" rel=\"noopener\">www.semanasantaferrol.com<\/a> est\u00e1n suxeitos aos termos que se detallan neste Aviso Legal, sen prexu\u00edzo de que o acceso a alg\u00fan dos devanditos servizos ou contidos puidese precisar da aceptaci\u00f3n dunhas condici\u00f3ns Xerais adicionais.<\/p>\n<p>Mediante ao acceso a este portal web o usuario acepta expresamente todas as condici\u00f3ns expostas no presente aviso legal, polo que ao utilizar esta p\u00e1xina web, vostede consente quedar vinculado por estas condici\u00f3ns, pola nosa Pol\u00edtica de Privacidade e Cookies, polo que, se non est\u00e1 vostede #de acordo con todas as condici\u00f3ns expostas no noso Aviso Legal, Pol\u00edtica de Privacidade e Cookies, non debe usar esta p\u00e1xina web. <br>XUNTA XERAL DE CONFRAR\u00cdAS E IRMANDADES DA SEMANA SANTA DE FERROL res\u00e9rvase o dereito de efectuar, sen aviso previo\/previo aviso, as modificaci\u00f3ns que considere oportunas no seu portal, podendo cambiar, suprimir, engadir ou actualizar a informaci\u00f3n contida na s\u00faa web ou na configuraci\u00f3n e presentaci\u00f3n desta.<\/p>\n<p>Recomend\u00e1moslle comprobar a vixencia e exactitude dos contidos do presente aviso legal, debido a que pode ser modificado, co fin de manter actualizada a informaci\u00f3n publicada no portal.<\/p>\n<p><b>PROTECCI\u00d3N DE DATOS PERSOAIS<\/b><br>XUNTA XERAL DE CONFRAR\u00cdAS E IRMANDADES DA SEMANA SANTA DE FERROL en cumprimento da lexislaci\u00f3n aplicable informa o usuario que os datos persoais que se lle poidan requirir como consecuencia do rexistro e utilizaci\u00f3n dos servizos ofrecidos polo sitio web ser\u00e1n obxecto de tratamento automatizado coa finalidade de garantir a protecci\u00f3n dos datos persoais e realizar a xesti\u00f3n, administraci\u00f3n, prestaci\u00f3n, ampliaci\u00f3n e mellora das s\u00faas actividades para ofrecerlle un servizo m\u00e1is personalizado e eficaz.<\/p>\n<p>Deber\u00e1 acceder \u00e1 Pol\u00edtica de Privacidade de XUNTA XERAL DE CONFRAR\u00cdAS E IRMANDADES DA SEMANA SANTA DE FERROL na seguinte ligaz\u00f3n: Pol\u00edtica de Privacidade, para obter informaci\u00f3n sobre o tratamento dos seus datos de car\u00e1cter persoal.<\/p>\n<p><b>PROPIEDADE INTELECTUAL E INDUSTRIA<\/b><br>Os dereitos de propiedade intelectual e industrial dos contidos da s\u00faa p\u00e1xina web, as\u00ed como de calquera imaxe, son, audio, v\u00eddeo, software, textos, marcas ou logotipos, etc. est\u00e1n protexidos polos correspondentes dereitos de propiedade intelectual e industrial. Queda prohibida a s\u00faa reproduci\u00f3n, comunicaci\u00f3n p\u00fablica e distribuci\u00f3n de calquera contido desta p\u00e1xina web, sen autorizaci\u00f3n previa e expresa do XUNTA XERAL DE CONFRAR\u00cdAS E IRMANDADES DA SEMANA SANTA DE FERROL.<\/p>\n<p>Si se autoriza ao uso do contido da p\u00e1xina web como uso persoal e privado. Calquera outro uso deber\u00e1 ser comunicado e autorizado por XUNTA XERAL DE CONFRAR\u00cdAS E IRMANDADES DA SEMANA SANTA DE FERROL previa e expresamente.<\/p>\n<p><b>LIMITACI\u00d3N DE RESPONSABILIDADE<\/b><br>XUNTA XERAL DE CONFRAR\u00cdAS E IRMANDADES DA SEMANA SANTA DE FERROL fai o posible por ofrecer informaci\u00f3n veraz e sen erros no seu sitio web. No caso que nalg\u00fan momento produc\u00edsese alg\u00fan erro deste tipo, alleo sempre \u00e1 s\u00faa vontade, XUNTA XERAL DE CONFRAR\u00cdAS E IRMANDADES DA SEMANA SANTA DE FERROL proceder\u00eda inmediatamente \u00e1 s\u00faa correcci\u00f3n.<\/p>\n<p>XUNTA XERAL DE CONFRAR\u00cdAS E IRMANDADES DA SEMANA SANTA DE FERROL non se fai responsable en ning\u00fan caso, dos danos e prexu\u00edzos de calquera natureza que puidese derivarse do uso da informaci\u00f3n que cont\u00e9n o seu sitio web.<\/p>\n<p>XUNTA XERAL DE CONFRAR\u00cdAS E IRMANDADES DA SEMANA SANTA DE FERROL non garante a dispo\u00f1ibilidade permanente de acceso \u00e1 p\u00e1xina web ou aos servizos que esta ofrece polo que queda especialmente eximida de responsabilidade por deficiencias de servizo imputables ao centro servidor ou \u00e1s redes de conexi\u00f3n e polos danos que calquera virus inform\u00e1tico ou programa malicioso puidese causar. Con todo, XUNTA XERAL DE CONFRAR\u00cdAS E IRMANDADES DA SEMANA SANTA DE FERROL traballa e pon o seu esforzo en protexer o seu sistema e aplica ferramentas est\u00e1ndares de seguridade para #o devanditos fins.<\/p>\n<p><b>LIGAZ\u00d3NS<\/b><br>No caso de que no sitio web dispux\u00e9sense ligaz\u00f3ns ou hiperv\u00ednculos a outros sitios da internet, XUNTA XERAL DE CONFRAR\u00cdAS E IRMANDADES DA SEMANA SANTA DE FERROL non exercer\u00e1 ning\u00fan tipo de control sobre os devanditos sitios e contidos. En ning\u00fan caso XUNTA XERAL DE CONFRAR\u00cdAS E IRMANDADES DA SEMANA SANTA DE FERROL asumir\u00e1 responsabilidade algunha polos contidos dalgunha ligaz\u00f3n pertencente a un sitio web alleo, nin garantir\u00e1 a dispo\u00f1ibilidade t\u00e9cnica, calidade, fiabilidade, exactitude, amplitude, veracidade, validez e constitucionalidade de calquera material ou informaci\u00f3n contida en ning\u00fan de devanditos hiperv\u00ednculos ou outros sitios da internet. Igualmente, a inclusi\u00f3n destas conexi\u00f3ns externas non implicar\u00e1 ning\u00fan tipo de asociaci\u00f3n, fusi\u00f3n ou participaci\u00f3n coas entidades conectadas. Sen prexu\u00edzo do anterior, algunhas ligaz\u00f3ns estar\u00e1n previamente negociados ou consensuados co responsable do contido enlazado, de forma que se xere unha contraprestaci\u00f3n polas acci\u00f3ns realizadas libremente polo usuario. Esta situaci\u00f3n non afectar\u00e1 en ning\u00fan caso \u00e1 exclusi\u00f3n de responsabilidade sobre o contido enlazado nin \u00e1 independencia deste medio de comunicaci\u00f3n.<\/p>\n<p><b>DEREITO DE EXCLUSI\u00d3N<\/b><br>XUNTA XERAL DE CONFRAR\u00cdAS E IRMANDADES DA SEMANA SANTA DE FERROL res\u00e9rvase o dereito para denegar ou retirar o acceso ao seu sitio web e\/o servizos ofrecidos sen necesidade de aviso previo\/previo aviso, a aqueles usuarios que incumpra as presentes condici\u00f3ns xerais.<\/p>\n<p><b>NORMATIVA LEGAL E XURISDICI\u00d3N APLICABLE<\/b><br>A propiedade intelectual e os presentes termos de uso desta web, as\u00ed como o resto do contido da mesma, realiz\u00e1ronse respectando en todo momento a lexislaci\u00f3n que lle resulta aplicable, en especial, a Lei de Servizos da Sociedade de Informaci\u00f3n e Comercio Electr\u00f3nico (LSSICE), a Lei Org\u00e1nica de Protecci\u00f3n de Datos Persoais e garant\u00eda dos dereitos dixitais (LOPDGDD), Regulamento Xeral de Protecci\u00f3n de Datos (UE) 2016\/679 e Lei Xeral para a Defensa dos Consumidores e Usuarios.<\/p>\t\t\t\t\t\t\t\t<\/div>\n\t\t\t\t<\/div>\n\t\t\t\t\t<\/div>\n\t\t<\/div>\n\t\t\t\t\t<\/div>\n\t\t<\/section>\n\t\t\t\t<\/div>\n\t\t","protected":false},"excerpt":{"rendered":"<p>Aviso Legal DATOS IDENTIFICATIVOSNo cumprimento co deber de informaci\u00f3n recollida no artigo 10 da Lei 34\/2022, do 11 de xullo, de Servizos da Sociedade da informaci\u00f3n e de Comercio Electr\u00f3nico, a continuaci\u00f3n, refl\u00edctense os seguintes datos:XUNTA XERAL DE CONFRAR\u00cdAS E IRMANDADES DA SEMANA SANTA DE FERROLCIF: G70437181R\u00daA MAGDALENA N.\u00ba 224 &#8211; FERROL (A CORU\u00d1A) semanasantadeferrol@gmail.com [&hellip;]<\/p>\n","protected":false},"author":1,"featured_media":0,"parent":0,"menu_order":0,"comment_status":"closed","ping_status":"closed","template":"elementor_header_footer","meta":{"footnotes":""},"class_list":["post-4206","page","type-page","status-publish","hentry"],"yoast_head":"<!-- This site is optimized with the Yoast SEO plugin v27.4 - https:\/\/yoast.com\/product\/yoast-seo-wordpress\/ -->\n<title>Aviso Legal - Junta General de Cofrad\u00edas y Hermandades<\/title>\n<meta name=\"robots\" content=\"index, follow, max-snippet:-1, max-image-preview:large, max-video-preview:-1\" \/>\n<link rel=\"canonical\" href=\"https:\/\/semanasantaferrol.com\/gl\/aviso-legal\/\" \/>\n<meta property=\"og:locale\" content=\"gl_ES\" \/>\n<meta property=\"og:type\" content=\"article\" \/>\n<meta property=\"og:title\" content=\"Aviso Legal - Junta General de Cofrad\u00edas y Hermandades\" \/>\n<meta property=\"og:description\" content=\"Aviso Legal DATOS IDENTIFICATIVOSNo cumprimento co deber de informaci\u00f3n recollida no artigo 10 da Lei 34\/2022, do 11 de xullo, de Servizos da Sociedade da informaci\u00f3n e de Comercio Electr\u00f3nico, a continuaci\u00f3n, refl\u00edctense os seguintes datos:XUNTA XERAL DE CONFRAR\u00cdAS E IRMANDADES DA SEMANA SANTA DE FERROLCIF: G70437181R\u00daA MAGDALENA N.\u00ba 224 &#8211; FERROL (A CORU\u00d1A) semanasantadeferrol@gmail.com [&hellip;]\" \/>\n<meta property=\"og:url\" content=\"https:\/\/semanasantaferrol.com\/gl\/aviso-legal\/\" \/>\n<meta property=\"og:site_name\" content=\"Junta General de Cofrad\u00edas y Hermandades\" \/>\n<meta property=\"article:publisher\" content=\"https:\/\/www.facebook.com\/Juntageneraldecofradias\/\" \/>\n<meta property=\"article:modified_time\" content=\"2022-09-27T17:36:05+00:00\" \/>\n<meta property=\"og:image\" content=\"https:\/\/semanasantaferrol.com\/wp-content\/uploads\/2025\/03\/Diseno-sin-titulo-13.png\" \/>\n\t<meta property=\"og:image:width\" content=\"1200\" \/>\n\t<meta property=\"og:image:height\" content=\"675\" \/>\n\t<meta property=\"og:image:type\" content=\"image\/png\" \/>\n<meta name=\"twitter:card\" content=\"summary_large_image\" \/>\n<meta name=\"twitter:label1\" content=\"Tempo de lectura\" \/>\n\t<meta name=\"twitter:data1\" content=\"6 minutos\" \/>\n<script type=\"application\/ld+json\" class=\"yoast-schema-graph\">{\"@context\":\"https:\\\/\\\/schema.org\",\"@graph\":[{\"@type\":\"WebPage\",\"@id\":\"https:\\\/\\\/semanasantaferrol.com\\\/gl\\\/aviso-legal\\\/\",\"url\":\"https:\\\/\\\/semanasantaferrol.com\\\/gl\\\/aviso-legal\\\/\",\"name\":\"Aviso Legal - Junta General de Cofrad\u00edas y Hermandades\",\"isPartOf\":{\"@id\":\"https:\\\/\\\/semanasantaferrol.com\\\/gl\\\/#website\"},\"datePublished\":\"2022-09-27T17:02:57+00:00\",\"dateModified\":\"2022-09-27T17:36:05+00:00\",\"breadcrumb\":{\"@id\":\"https:\\\/\\\/semanasantaferrol.com\\\/gl\\\/aviso-legal\\\/#breadcrumb\"},\"inLanguage\":\"gl-ES\",\"potentialAction\":[{\"@type\":\"ReadAction\",\"target\":[\"https:\\\/\\\/semanasantaferrol.com\\\/gl\\\/aviso-legal\\\/\"]}]},{\"@type\":\"BreadcrumbList\",\"@id\":\"https:\\\/\\\/semanasantaferrol.com\\\/gl\\\/aviso-legal\\\/#breadcrumb\",\"itemListElement\":[{\"@type\":\"ListItem\",\"position\":1,\"name\":\"Portada\",\"item\":\"https:\\\/\\\/semanasantaferrol.com\\\/gl\\\/\"},{\"@type\":\"ListItem\",\"position\":2,\"name\":\"Aviso Legal\"}]},{\"@type\":\"WebSite\",\"@id\":\"https:\\\/\\\/semanasantaferrol.com\\\/gl\\\/#website\",\"url\":\"https:\\\/\\\/semanasantaferrol.com\\\/gl\\\/\",\"name\":\"Junta General de Cofrad\u00edas y Hermandades\",\"description\":\"Semana Santa de Ferrol\",\"publisher\":{\"@id\":\"https:\\\/\\\/semanasantaferrol.com\\\/gl\\\/#organization\"},\"alternateName\":\"Semana Santa de Ferrol\",\"potentialAction\":[{\"@type\":\"SearchAction\",\"target\":{\"@type\":\"EntryPoint\",\"urlTemplate\":\"https:\\\/\\\/semanasantaferrol.com\\\/gl\\\/?s={search_term_string}\"},\"query-input\":{\"@type\":\"PropertyValueSpecification\",\"valueRequired\":true,\"valueName\":\"search_term_string\"}}],\"inLanguage\":\"gl-ES\"},{\"@type\":\"Organization\",\"@id\":\"https:\\\/\\\/semanasantaferrol.com\\\/gl\\\/#organization\",\"name\":\"Junta General de Cofrad\u00edas y Hermandades de la Semana Santa de Ferrol\",\"alternateName\":\"Junta de Cofrad\u00edas de la Semana Santa de Ferrol\",\"url\":\"https:\\\/\\\/semanasantaferrol.com\\\/gl\\\/\",\"logo\":{\"@type\":\"ImageObject\",\"inLanguage\":\"gl-ES\",\"@id\":\"https:\\\/\\\/semanasantaferrol.com\\\/gl\\\/#\\\/schema\\\/logo\\\/image\\\/\",\"url\":\"https:\\\/\\\/semanasantaferrol.com\\\/wp-content\\\/uploads\\\/2022\\\/10\\\/junta_general_logo.svg\",\"contentUrl\":\"https:\\\/\\\/semanasantaferrol.com\\\/wp-content\\\/uploads\\\/2022\\\/10\\\/junta_general_logo.svg\",\"width\":600,\"height\":790,\"caption\":\"Junta General de Cofrad\u00edas y Hermandades de la Semana Santa de Ferrol\"},\"image\":{\"@id\":\"https:\\\/\\\/semanasantaferrol.com\\\/gl\\\/#\\\/schema\\\/logo\\\/image\\\/\"},\"sameAs\":[\"https:\\\/\\\/www.facebook.com\\\/Juntageneraldecofradias\\\/\",\"https:\\\/\\\/www.instagram.com\\\/juntageneralcofradiasferrol\\\/\",\"https:\\\/\\\/www.youtube.com\\\/@semanasantadeferrol1616\",\"https:\\\/\\\/www.tiktok.com\\\/@semanasantadeferrol\"]}]}<\/script>\n<!-- \/ Yoast SEO plugin. -->","yoast_head_json":{"title":"Aviso Legal - Junta General de Cofrad\u00edas y Hermandades","robots":{"index":"index","follow":"follow","max-snippet":"max-snippet:-1","max-image-preview":"max-image-preview:large","max-video-preview":"max-video-preview:-1"},"canonical":"https:\/\/semanasantaferrol.com\/gl\/aviso-legal\/","og_locale":"gl_ES","og_type":"article","og_title":"Aviso Legal - Junta General de Cofrad\u00edas y Hermandades","og_description":"Aviso Legal DATOS IDENTIFICATIVOSNo cumprimento co deber de informaci\u00f3n recollida no artigo 10 da Lei 34\/2022, do 11 de xullo, de Servizos da Sociedade da informaci\u00f3n e de Comercio Electr\u00f3nico, a continuaci\u00f3n, refl\u00edctense os seguintes datos:XUNTA XERAL DE CONFRAR\u00cdAS E IRMANDADES DA SEMANA SANTA DE FERROLCIF: G70437181R\u00daA MAGDALENA N.\u00ba 224 &#8211; FERROL (A CORU\u00d1A) semanasantadeferrol@gmail.com [&hellip;]","og_url":"https:\/\/semanasantaferrol.com\/gl\/aviso-legal\/","og_site_name":"Junta General de Cofrad\u00edas y Hermandades","article_publisher":"https:\/\/www.facebook.com\/Juntageneraldecofradias\/","article_modified_time":"2022-09-27T17:36:05+00:00","og_image":[{"width":1200,"height":675,"url":"https:\/\/semanasantaferrol.com\/wp-content\/uploads\/2025\/03\/Diseno-sin-titulo-13.png","type":"image\/png"}],"twitter_card":"summary_large_image","twitter_misc":{"Tempo de lectura":"6 minutos"},"schema":{"@context":"https:\/\/schema.org","@graph":[{"@type":"WebPage","@id":"https:\/\/semanasantaferrol.com\/gl\/aviso-legal\/","url":"https:\/\/semanasantaferrol.com\/gl\/aviso-legal\/","name":"Aviso Legal - Junta General de Cofrad\u00edas y Hermandades","isPartOf":{"@id":"https:\/\/semanasantaferrol.com\/gl\/#website"},"datePublished":"2022-09-27T17:02:57+00:00","dateModified":"2022-09-27T17:36:05+00:00","breadcrumb":{"@id":"https:\/\/semanasantaferrol.com\/gl\/aviso-legal\/#breadcrumb"},"inLanguage":"gl-ES","potentialAction":[{"@type":"ReadAction","target":["https:\/\/semanasantaferrol.com\/gl\/aviso-legal\/"]}]},{"@type":"BreadcrumbList","@id":"https:\/\/semanasantaferrol.com\/gl\/aviso-legal\/#breadcrumb","itemListElement":[{"@type":"ListItem","position":1,"name":"Portada","item":"https:\/\/semanasantaferrol.com\/gl\/"},{"@type":"ListItem","position":2,"name":"Aviso Legal"}]},{"@type":"WebSite","@id":"https:\/\/semanasantaferrol.com\/gl\/#website","url":"https:\/\/semanasantaferrol.com\/gl\/","name":"Junta General de Cofrad\u00edas y Hermandades","description":"Semana Santa de Ferrol","publisher":{"@id":"https:\/\/semanasantaferrol.com\/gl\/#organization"},"alternateName":"Semana Santa de Ferrol","potentialAction":[{"@type":"SearchAction","target":{"@type":"EntryPoint","urlTemplate":"https:\/\/semanasantaferrol.com\/gl\/?s={search_term_string}"},"query-input":{"@type":"PropertyValueSpecification","valueRequired":true,"valueName":"search_term_string"}}],"inLanguage":"gl-ES"},{"@type":"Organization","@id":"https:\/\/semanasantaferrol.com\/gl\/#organization","name":"Junta General de Cofrad\u00edas y Hermandades de la Semana Santa de Ferrol","alternateName":"Junta de Cofrad\u00edas de la Semana Santa de Ferrol","url":"https:\/\/semanasantaferrol.com\/gl\/","logo":{"@type":"ImageObject","inLanguage":"gl-ES","@id":"https:\/\/semanasantaferrol.com\/gl\/#\/schema\/logo\/image\/","url":"https:\/\/semanasantaferrol.com\/wp-content\/uploads\/2022\/10\/junta_general_logo.svg","contentUrl":"https:\/\/semanasantaferrol.com\/wp-content\/uploads\/2022\/10\/junta_general_logo.svg","width":600,"height":790,"caption":"Junta General de Cofrad\u00edas y Hermandades de la Semana Santa de Ferrol"},"image":{"@id":"https:\/\/semanasantaferrol.com\/gl\/#\/schema\/logo\/image\/"},"sameAs":["https:\/\/www.facebook.com\/Juntageneraldecofradias\/","https:\/\/www.instagram.com\/juntageneralcofradiasferrol\/","https:\/\/www.youtube.com\/@semanasantadeferrol1616","https:\/\/www.tiktok.com\/@semanasantadeferrol"]}]}},"_links":{"self":[{"href":"https:\/\/semanasantaferrol.com\/gl\/wp-json\/wp\/v2\/pages\/4206","targetHints":{"allow":["GET"]}}],"collection":[{"href":"https:\/\/semanasantaferrol.com\/gl\/wp-json\/wp\/v2\/pages"}],"about":[{"href":"https:\/\/semanasantaferrol.com\/gl\/wp-json\/wp\/v2\/types\/page"}],"author":[{"embeddable":true,"href":"https:\/\/semanasantaferrol.com\/gl\/wp-json\/wp\/v2\/users\/1"}],"replies":[{"embeddable":true,"href":"https:\/\/semanasantaferrol.com\/gl\/wp-json\/wp\/v2\/comments?post=4206"}],"version-history":[{"count":7,"href":"https:\/\/semanasantaferrol.com\/gl\/wp-json\/wp\/v2\/pages\/4206\/revisions"}],"predecessor-version":[{"id":4223,"href":"https:\/\/semanasantaferrol.com\/gl\/wp-json\/wp\/v2\/pages\/4206\/revisions\/4223"}],"wp:attachment":[{"href":"https:\/\/semanasantaferrol.com\/gl\/wp-json\/wp\/v2\/media?parent=4206"}],"curies":[{"name":"wp","href":"https:\/\/api.w.org\/{rel}","templated":true}]}}