{"id":4115,"date":"2022-09-23T09:33:09","date_gmt":"2022-09-23T09:33:09","guid":{"rendered":"https:\/\/semanasantaferrol.com\/maria-magdalena\/"},"modified":"2022-09-23T09:34:32","modified_gmt":"2022-09-23T09:34:32","slug":"maria-magdalena","status":"publish","type":"page","link":"https:\/\/semanasantaferrol.com\/gl\/maria-magdalena\/","title":{"rendered":"Mar\u00eda Magdalena"},"content":{"rendered":"\t\t<div data-elementor-type=\"wp-page\" data-elementor-id=\"4115\" class=\"elementor elementor-4115 elementor-4110\" data-elementor-post-type=\"page\">\n\t\t\t\t\t\t<section class=\"elementor-section elementor-top-section elementor-element elementor-element-5b29d92 elementor-section-boxed elementor-section-height-default elementor-section-height-default\" data-id=\"5b29d92\" data-element_type=\"section\" data-e-type=\"section\" data-settings=\"{&quot;jet_parallax_layout_list&quot;:[],&quot;background_background&quot;:&quot;classic&quot;}\">\n\t\t\t\t\t\t<div class=\"elementor-container elementor-column-gap-default\">\n\t\t\t\t\t<div class=\"elementor-column elementor-col-100 elementor-top-column elementor-element elementor-element-9a028a6\" data-id=\"9a028a6\" data-element_type=\"column\" data-e-type=\"column\">\n\t\t\t<div class=\"elementor-widget-wrap elementor-element-populated\">\n\t\t\t\t\t\t<div class=\"elementor-element elementor-element-e8c1afd elementor-widget elementor-widget-heading\" data-id=\"e8c1afd\" data-element_type=\"widget\" data-e-type=\"widget\" data-widget_type=\"heading.default\">\n\t\t\t\t<div class=\"elementor-widget-container\">\n\t\t\t\t\t<h2 class=\"elementor-heading-title elementor-size-default\">Mar\u00eda Magdalena<\/h2>\t\t\t\t<\/div>\n\t\t\t\t<\/div>\n\t\t\t\t\t<\/div>\n\t\t<\/div>\n\t\t\t\t\t<\/div>\n\t\t<\/section>\n\t\t\t\t<section class=\"elementor-section elementor-top-section elementor-element elementor-element-1ed9b71 elementor-section-boxed elementor-section-height-default elementor-section-height-default\" data-id=\"1ed9b71\" data-element_type=\"section\" data-e-type=\"section\" data-settings=\"{&quot;jet_parallax_layout_list&quot;:[],&quot;background_background&quot;:&quot;classic&quot;}\">\n\t\t\t\t\t\t<div class=\"elementor-container elementor-column-gap-default\">\n\t\t\t\t\t<div class=\"elementor-column elementor-col-100 elementor-top-column elementor-element elementor-element-5cde0c4\" data-id=\"5cde0c4\" data-element_type=\"column\" data-e-type=\"column\">\n\t\t\t<div class=\"elementor-widget-wrap elementor-element-populated\">\n\t\t\t\t\t\t<div class=\"elementor-element elementor-element-b7ddbc1 elementor-widget elementor-widget-text-editor\" data-id=\"b7ddbc1\" data-element_type=\"widget\" data-e-type=\"widget\" data-widget_type=\"text-editor.default\">\n\t\t\t\t<div class=\"elementor-widget-container\">\n\t\t\t\t\t\t\t\t\t<p>Talla de vestir propiedade da confrar\u00eda da Soidade. Est\u00e1 realizada en \u201cterracota\u201d polo imaxineiro D. Jos\u00e9 Negr\u00ed Acevedo. Sa\u00edu por primeira vez na xornada do Domingo de Resurrecci\u00f3n en 2016 no cortexo de Jes\u00fas Resucitado ao Encontro coa s\u00faa Nai.<\/p>\n\t\t\t\t\t\t\t\t<\/div>\n\t\t\t\t<\/div>\n\t\t\t\t<div class=\"elementor-element elementor-element-b5442b0 elementor-widget elementor-widget-image\" data-id=\"b5442b0\" data-element_type=\"widget\" data-e-type=\"widget\" data-widget_type=\"image.default\">\n\t\t\t\t<div class=\"elementor-widget-container\">\n\t\t\t\t\t\t\t\t\t\t\t\t\t\t\t<img fetchpriority=\"high\" decoding=\"async\" width=\"800\" height=\"577\" src=\"https:\/\/semanasantaferrol.com\/wp-content\/uploads\/2022\/09\/15-MariaMagdalena-1024x739.jpg\" class=\"attachment-large size-large wp-image-3957\" alt=\"\" srcset=\"https:\/\/semanasantaferrol.com\/wp-content\/uploads\/2022\/09\/15-MariaMagdalena-1024x739.jpg 1024w, https:\/\/semanasantaferrol.com\/wp-content\/uploads\/2022\/09\/15-MariaMagdalena-300x216.jpg 300w, https:\/\/semanasantaferrol.com\/wp-content\/uploads\/2022\/09\/15-MariaMagdalena-768x554.jpg 768w, https:\/\/semanasantaferrol.com\/wp-content\/uploads\/2022\/09\/15-MariaMagdalena-1536x1108.jpg 1536w, https:\/\/semanasantaferrol.com\/wp-content\/uploads\/2022\/09\/15-MariaMagdalena-2048x1478.jpg 2048w\" sizes=\"(max-width: 800px) 100vw, 800px\" \/>\t\t\t\t\t\t\t\t\t\t\t\t\t\t\t<\/div>\n\t\t\t\t<\/div>\n\t\t\t\t\t<\/div>\n\t\t<\/div>\n\t\t\t\t\t<\/div>\n\t\t<\/section>\n\t\t\t\t<\/div>\n\t\t","protected":false},"excerpt":{"rendered":"<p>Mar\u00eda Magdalena Talla de vestir propiedade da confrar\u00eda da Soidade. Est\u00e1 realizada en \u201cterracota\u201d polo imaxineiro D. Jos\u00e9 Negr\u00ed Acevedo. Sa\u00edu por primeira vez na xornada do Domingo de Resurrecci\u00f3n en 2016 no cortexo de Jes\u00fas Resucitado ao Encontro coa s\u00faa Nai.<\/p>\n","protected":false},"author":1,"featured_media":0,"parent":0,"menu_order":0,"comment_status":"closed","ping_status":"closed","template":"elementor_header_footer","meta":{"footnotes":""},"class_list":["post-4115","page","type-page","status-publish","hentry"],"yoast_head":"<!-- This site is optimized with the Yoast SEO plugin v27.5 - https:\/\/yoast.com\/product\/yoast-seo-wordpress\/ -->\n<title>Mar\u00eda Magdalena - Junta General de Cofrad\u00edas y Hermandades<\/title>\n<meta name=\"robots\" content=\"index, follow, max-snippet:-1, max-image-preview:large, max-video-preview:-1\" \/>\n<link rel=\"canonical\" href=\"https:\/\/semanasantaferrol.com\/gl\/maria-magdalena\/\" \/>\n<meta property=\"og:locale\" content=\"gl_ES\" \/>\n<meta property=\"og:type\" content=\"article\" \/>\n<meta property=\"og:title\" content=\"Mar\u00eda Magdalena - Junta General de Cofrad\u00edas y Hermandades\" \/>\n<meta property=\"og:description\" content=\"Mar\u00eda Magdalena Talla de vestir propiedade da confrar\u00eda da Soidade. Est\u00e1 realizada en \u201cterracota\u201d polo imaxineiro D. Jos\u00e9 Negr\u00ed Acevedo. Sa\u00edu por primeira vez na xornada do Domingo de Resurrecci\u00f3n en 2016 no cortexo de Jes\u00fas Resucitado ao Encontro coa s\u00faa Nai.\" \/>\n<meta property=\"og:url\" content=\"https:\/\/semanasantaferrol.com\/gl\/maria-magdalena\/\" \/>\n<meta property=\"og:site_name\" content=\"Junta General de Cofrad\u00edas y Hermandades\" \/>\n<meta property=\"article:publisher\" content=\"https:\/\/www.facebook.com\/Juntageneraldecofradias\/\" \/>\n<meta property=\"article:modified_time\" content=\"2022-09-23T09:34:32+00:00\" \/>\n<meta property=\"og:image\" content=\"https:\/\/semanasantaferrol.com\/wp-content\/uploads\/2022\/09\/15-MariaMagdalena-1024x739.jpg\" \/>\n<meta name=\"twitter:card\" content=\"summary_large_image\" \/>\n<script type=\"application\/ld+json\" class=\"yoast-schema-graph\">{\"@context\":\"https:\\\/\\\/schema.org\",\"@graph\":[{\"@type\":\"WebPage\",\"@id\":\"https:\\\/\\\/semanasantaferrol.com\\\/gl\\\/maria-magdalena\\\/\",\"url\":\"https:\\\/\\\/semanasantaferrol.com\\\/gl\\\/maria-magdalena\\\/\",\"name\":\"Mar\u00eda Magdalena - Junta General de Cofrad\u00edas y Hermandades\",\"isPartOf\":{\"@id\":\"https:\\\/\\\/semanasantaferrol.com\\\/gl\\\/#website\"},\"primaryImageOfPage\":{\"@id\":\"https:\\\/\\\/semanasantaferrol.com\\\/gl\\\/maria-magdalena\\\/#primaryimage\"},\"image\":{\"@id\":\"https:\\\/\\\/semanasantaferrol.com\\\/gl\\\/maria-magdalena\\\/#primaryimage\"},\"thumbnailUrl\":\"https:\\\/\\\/semanasantaferrol.com\\\/wp-content\\\/uploads\\\/2022\\\/09\\\/15-MariaMagdalena-1024x739.jpg\",\"datePublished\":\"2022-09-23T09:33:09+00:00\",\"dateModified\":\"2022-09-23T09:34:32+00:00\",\"breadcrumb\":{\"@id\":\"https:\\\/\\\/semanasantaferrol.com\\\/gl\\\/maria-magdalena\\\/#breadcrumb\"},\"inLanguage\":\"gl-ES\",\"potentialAction\":[{\"@type\":\"ReadAction\",\"target\":[\"https:\\\/\\\/semanasantaferrol.com\\\/gl\\\/maria-magdalena\\\/\"]}]},{\"@type\":\"ImageObject\",\"inLanguage\":\"gl-ES\",\"@id\":\"https:\\\/\\\/semanasantaferrol.com\\\/gl\\\/maria-magdalena\\\/#primaryimage\",\"url\":\"https:\\\/\\\/semanasantaferrol.com\\\/wp-content\\\/uploads\\\/2022\\\/09\\\/15-MariaMagdalena-1024x739.jpg\",\"contentUrl\":\"https:\\\/\\\/semanasantaferrol.com\\\/wp-content\\\/uploads\\\/2022\\\/09\\\/15-MariaMagdalena-1024x739.jpg\"},{\"@type\":\"BreadcrumbList\",\"@id\":\"https:\\\/\\\/semanasantaferrol.com\\\/gl\\\/maria-magdalena\\\/#breadcrumb\",\"itemListElement\":[{\"@type\":\"ListItem\",\"position\":1,\"name\":\"Portada\",\"item\":\"https:\\\/\\\/semanasantaferrol.com\\\/gl\\\/\"},{\"@type\":\"ListItem\",\"position\":2,\"name\":\"Mar\u00eda Magdalena\"}]},{\"@type\":\"WebSite\",\"@id\":\"https:\\\/\\\/semanasantaferrol.com\\\/gl\\\/#website\",\"url\":\"https:\\\/\\\/semanasantaferrol.com\\\/gl\\\/\",\"name\":\"Junta General de Cofrad\u00edas y Hermandades\",\"description\":\"Semana Santa de Ferrol\",\"publisher\":{\"@id\":\"https:\\\/\\\/semanasantaferrol.com\\\/gl\\\/#organization\"},\"alternateName\":\"Semana Santa de Ferrol\",\"potentialAction\":[{\"@type\":\"SearchAction\",\"target\":{\"@type\":\"EntryPoint\",\"urlTemplate\":\"https:\\\/\\\/semanasantaferrol.com\\\/gl\\\/?s={search_term_string}\"},\"query-input\":{\"@type\":\"PropertyValueSpecification\",\"valueRequired\":true,\"valueName\":\"search_term_string\"}}],\"inLanguage\":\"gl-ES\"},{\"@type\":\"Organization\",\"@id\":\"https:\\\/\\\/semanasantaferrol.com\\\/gl\\\/#organization\",\"name\":\"Junta General de Cofrad\u00edas y Hermandades de la Semana Santa de Ferrol\",\"alternateName\":\"Junta de Cofrad\u00edas de la Semana Santa de Ferrol\",\"url\":\"https:\\\/\\\/semanasantaferrol.com\\\/gl\\\/\",\"logo\":{\"@type\":\"ImageObject\",\"inLanguage\":\"gl-ES\",\"@id\":\"https:\\\/\\\/semanasantaferrol.com\\\/gl\\\/#\\\/schema\\\/logo\\\/image\\\/\",\"url\":\"https:\\\/\\\/semanasantaferrol.com\\\/wp-content\\\/uploads\\\/2022\\\/10\\\/junta_general_logo.svg\",\"contentUrl\":\"https:\\\/\\\/semanasantaferrol.com\\\/wp-content\\\/uploads\\\/2022\\\/10\\\/junta_general_logo.svg\",\"width\":600,\"height\":790,\"caption\":\"Junta General de Cofrad\u00edas y Hermandades de la Semana Santa de Ferrol\"},\"image\":{\"@id\":\"https:\\\/\\\/semanasantaferrol.com\\\/gl\\\/#\\\/schema\\\/logo\\\/image\\\/\"},\"sameAs\":[\"https:\\\/\\\/www.facebook.com\\\/Juntageneraldecofradias\\\/\",\"https:\\\/\\\/www.instagram.com\\\/juntageneralcofradiasferrol\\\/\",\"https:\\\/\\\/www.youtube.com\\\/@semanasantadeferrol1616\",\"https:\\\/\\\/www.tiktok.com\\\/@semanasantadeferrol\"]}]}<\/script>\n<!-- \/ Yoast SEO plugin. -->","yoast_head_json":{"title":"Mar\u00eda Magdalena - Junta General de Cofrad\u00edas y Hermandades","robots":{"index":"index","follow":"follow","max-snippet":"max-snippet:-1","max-image-preview":"max-image-preview:large","max-video-preview":"max-video-preview:-1"},"canonical":"https:\/\/semanasantaferrol.com\/gl\/maria-magdalena\/","og_locale":"gl_ES","og_type":"article","og_title":"Mar\u00eda Magdalena - Junta General de Cofrad\u00edas y Hermandades","og_description":"Mar\u00eda Magdalena Talla de vestir propiedade da confrar\u00eda da Soidade. Est\u00e1 realizada en \u201cterracota\u201d polo imaxineiro D. Jos\u00e9 Negr\u00ed Acevedo. Sa\u00edu por primeira vez na xornada do Domingo de Resurrecci\u00f3n en 2016 no cortexo de Jes\u00fas Resucitado ao Encontro coa s\u00faa Nai.","og_url":"https:\/\/semanasantaferrol.com\/gl\/maria-magdalena\/","og_site_name":"Junta General de Cofrad\u00edas y Hermandades","article_publisher":"https:\/\/www.facebook.com\/Juntageneraldecofradias\/","article_modified_time":"2022-09-23T09:34:32+00:00","og_image":[{"url":"https:\/\/semanasantaferrol.com\/wp-content\/uploads\/2022\/09\/15-MariaMagdalena-1024x739.jpg","type":"","width":"","height":""}],"twitter_card":"summary_large_image","schema":{"@context":"https:\/\/schema.org","@graph":[{"@type":"WebPage","@id":"https:\/\/semanasantaferrol.com\/gl\/maria-magdalena\/","url":"https:\/\/semanasantaferrol.com\/gl\/maria-magdalena\/","name":"Mar\u00eda Magdalena - Junta General de Cofrad\u00edas y Hermandades","isPartOf":{"@id":"https:\/\/semanasantaferrol.com\/gl\/#website"},"primaryImageOfPage":{"@id":"https:\/\/semanasantaferrol.com\/gl\/maria-magdalena\/#primaryimage"},"image":{"@id":"https:\/\/semanasantaferrol.com\/gl\/maria-magdalena\/#primaryimage"},"thumbnailUrl":"https:\/\/semanasantaferrol.com\/wp-content\/uploads\/2022\/09\/15-MariaMagdalena-1024x739.jpg","datePublished":"2022-09-23T09:33:09+00:00","dateModified":"2022-09-23T09:34:32+00:00","breadcrumb":{"@id":"https:\/\/semanasantaferrol.com\/gl\/maria-magdalena\/#breadcrumb"},"inLanguage":"gl-ES","potentialAction":[{"@type":"ReadAction","target":["https:\/\/semanasantaferrol.com\/gl\/maria-magdalena\/"]}]},{"@type":"ImageObject","inLanguage":"gl-ES","@id":"https:\/\/semanasantaferrol.com\/gl\/maria-magdalena\/#primaryimage","url":"https:\/\/semanasantaferrol.com\/wp-content\/uploads\/2022\/09\/15-MariaMagdalena-1024x739.jpg","contentUrl":"https:\/\/semanasantaferrol.com\/wp-content\/uploads\/2022\/09\/15-MariaMagdalena-1024x739.jpg"},{"@type":"BreadcrumbList","@id":"https:\/\/semanasantaferrol.com\/gl\/maria-magdalena\/#breadcrumb","itemListElement":[{"@type":"ListItem","position":1,"name":"Portada","item":"https:\/\/semanasantaferrol.com\/gl\/"},{"@type":"ListItem","position":2,"name":"Mar\u00eda Magdalena"}]},{"@type":"WebSite","@id":"https:\/\/semanasantaferrol.com\/gl\/#website","url":"https:\/\/semanasantaferrol.com\/gl\/","name":"Junta General de Cofrad\u00edas y Hermandades","description":"Semana Santa de Ferrol","publisher":{"@id":"https:\/\/semanasantaferrol.com\/gl\/#organization"},"alternateName":"Semana Santa de Ferrol","potentialAction":[{"@type":"SearchAction","target":{"@type":"EntryPoint","urlTemplate":"https:\/\/semanasantaferrol.com\/gl\/?s={search_term_string}"},"query-input":{"@type":"PropertyValueSpecification","valueRequired":true,"valueName":"search_term_string"}}],"inLanguage":"gl-ES"},{"@type":"Organization","@id":"https:\/\/semanasantaferrol.com\/gl\/#organization","name":"Junta General de Cofrad\u00edas y Hermandades de la Semana Santa de Ferrol","alternateName":"Junta de Cofrad\u00edas de la Semana Santa de Ferrol","url":"https:\/\/semanasantaferrol.com\/gl\/","logo":{"@type":"ImageObject","inLanguage":"gl-ES","@id":"https:\/\/semanasantaferrol.com\/gl\/#\/schema\/logo\/image\/","url":"https:\/\/semanasantaferrol.com\/wp-content\/uploads\/2022\/10\/junta_general_logo.svg","contentUrl":"https:\/\/semanasantaferrol.com\/wp-content\/uploads\/2022\/10\/junta_general_logo.svg","width":600,"height":790,"caption":"Junta General de Cofrad\u00edas y Hermandades de la Semana Santa de Ferrol"},"image":{"@id":"https:\/\/semanasantaferrol.com\/gl\/#\/schema\/logo\/image\/"},"sameAs":["https:\/\/www.facebook.com\/Juntageneraldecofradias\/","https:\/\/www.instagram.com\/juntageneralcofradiasferrol\/","https:\/\/www.youtube.com\/@semanasantadeferrol1616","https:\/\/www.tiktok.com\/@semanasantadeferrol"]}]}},"_links":{"self":[{"href":"https:\/\/semanasantaferrol.com\/gl\/wp-json\/wp\/v2\/pages\/4115","targetHints":{"allow":["GET"]}}],"collection":[{"href":"https:\/\/semanasantaferrol.com\/gl\/wp-json\/wp\/v2\/pages"}],"about":[{"href":"https:\/\/semanasantaferrol.com\/gl\/wp-json\/wp\/v2\/types\/page"}],"author":[{"embeddable":true,"href":"https:\/\/semanasantaferrol.com\/gl\/wp-json\/wp\/v2\/users\/1"}],"replies":[{"embeddable":true,"href":"https:\/\/semanasantaferrol.com\/gl\/wp-json\/wp\/v2\/comments?post=4115"}],"version-history":[{"count":1,"href":"https:\/\/semanasantaferrol.com\/gl\/wp-json\/wp\/v2\/pages\/4115\/revisions"}],"predecessor-version":[{"id":4116,"href":"https:\/\/semanasantaferrol.com\/gl\/wp-json\/wp\/v2\/pages\/4115\/revisions\/4116"}],"wp:attachment":[{"href":"https:\/\/semanasantaferrol.com\/gl\/wp-json\/wp\/v2\/media?parent=4115"}],"curies":[{"name":"wp","href":"https:\/\/api.w.org\/{rel}","templated":true}]}}