{"id":3996,"date":"2022-09-23T08:39:03","date_gmt":"2022-09-23T08:39:03","guid":{"rendered":"https:\/\/semanasantaferrol.com\/manto-da-nosa-senora-dos-cautivos\/"},"modified":"2022-09-23T08:58:21","modified_gmt":"2022-09-23T08:58:21","slug":"manto-da-nosa-senora-dos-cautivos","status":"publish","type":"page","link":"https:\/\/semanasantaferrol.com\/gl\/manto-da-nosa-senora-dos-cautivos\/","title":{"rendered":"Manto da Nosa Se\u00f1ora dos Cautivos"},"content":{"rendered":"\t\t<div data-elementor-type=\"wp-page\" data-elementor-id=\"3996\" class=\"elementor elementor-3996 elementor-3991\" data-elementor-post-type=\"page\">\n\t\t\t\t\t\t<section class=\"elementor-section elementor-top-section elementor-element elementor-element-af1cbea elementor-section-boxed elementor-section-height-default elementor-section-height-default\" data-id=\"af1cbea\" data-element_type=\"section\" data-e-type=\"section\" data-settings=\"{&quot;jet_parallax_layout_list&quot;:[],&quot;background_background&quot;:&quot;classic&quot;}\">\n\t\t\t\t\t\t<div class=\"elementor-container elementor-column-gap-default\">\n\t\t\t\t\t<div class=\"elementor-column elementor-col-100 elementor-top-column elementor-element elementor-element-cd71b4f\" data-id=\"cd71b4f\" data-element_type=\"column\" data-e-type=\"column\">\n\t\t\t<div class=\"elementor-widget-wrap elementor-element-populated\">\n\t\t\t\t\t\t<div class=\"elementor-element elementor-element-0b19815 elementor-widget elementor-widget-heading\" data-id=\"0b19815\" data-element_type=\"widget\" data-e-type=\"widget\" data-widget_type=\"heading.default\">\n\t\t\t\t<div class=\"elementor-widget-container\">\n\t\t\t\t\t<h2 class=\"elementor-heading-title elementor-size-default\">Manto da Nosa Se\u00f1ora dos Cautivos<\/h2>\t\t\t\t<\/div>\n\t\t\t\t<\/div>\n\t\t\t\t\t<\/div>\n\t\t<\/div>\n\t\t\t\t\t<\/div>\n\t\t<\/section>\n\t\t\t\t<section class=\"elementor-section elementor-top-section elementor-element elementor-element-d546171 elementor-section-boxed elementor-section-height-default elementor-section-height-default\" data-id=\"d546171\" data-element_type=\"section\" data-e-type=\"section\" data-settings=\"{&quot;jet_parallax_layout_list&quot;:[],&quot;background_background&quot;:&quot;classic&quot;}\">\n\t\t\t\t\t\t<div class=\"elementor-container elementor-column-gap-default\">\n\t\t\t\t\t<div class=\"elementor-column elementor-col-100 elementor-top-column elementor-element elementor-element-a8212a7\" data-id=\"a8212a7\" data-element_type=\"column\" data-e-type=\"column\">\n\t\t\t<div class=\"elementor-widget-wrap elementor-element-populated\">\n\t\t\t\t\t\t<div class=\"elementor-element elementor-element-5aba87e elementor-widget elementor-widget-text-editor\" data-id=\"5aba87e\" data-element_type=\"widget\" data-e-type=\"widget\" data-widget_type=\"text-editor.default\">\n\t\t\t\t<div class=\"elementor-widget-container\">\n\t\t\t\t\t\t\t\t\t<p>O manto exposto aqu\u00ed foi unha doaz\u00f3n realizada por unha devota \u00e1 Virxe dos Cativos, propiedade da Confrar\u00eda da Merc\u00e9. A peza, de veludo branco, foi bordada por Isabel Saavedra e estreada pola imaxe na Semana Santa de 2014.<\/p>\n<p>A nosa Se\u00f1ora dos Cativos \u00e9 unha imaxe de vestir realizada a tama\u00f1o natural, tallada en madeira de cedro e policromada ao \u00f3leo. Polas s\u00faas fazulas caen d\u00faas b\u00e1goas de cristal, mentres os seus ollos marr\u00f3ns realizados en vidro ven enmarcados por pestanas de pelo natural. En marzo de 2012 procedeuse a bendicir a imaxe na s\u00faa capela da Merc\u00e9 de Ferrol, de onde sa\u00edu en procesi\u00f3n na tarde noite do M\u00e9rcores Santo. Procesiona sobre un trono realizado por D. C\u00e1ndido Hermida. <\/p>\n<p>Esta imaxe sa\u00eda co manto que pertenceu no seu d\u00eda \u00e1 Virxe Branca. Na Semana Santa do ano 2014 estreou o manto exposto no Museo e en 2016 estreou unha nova coroa.<\/p>\n\t\t\t\t\t\t\t\t<\/div>\n\t\t\t\t<\/div>\n\t\t\t\t<div class=\"elementor-element elementor-element-b6b2c1d elementor-widget elementor-widget-image\" data-id=\"b6b2c1d\" data-element_type=\"widget\" data-e-type=\"widget\" data-widget_type=\"image.default\">\n\t\t\t\t<div class=\"elementor-widget-container\">\n\t\t\t\t\t\t\t\t\t\t\t\t\t\t\t<img fetchpriority=\"high\" decoding=\"async\" width=\"800\" height=\"534\" src=\"https:\/\/semanasantaferrol.com\/wp-content\/uploads\/2022\/09\/3-Cautivos-atras-1024x683.jpg\" class=\"attachment-large size-large wp-image-3931\" alt=\"\" srcset=\"https:\/\/semanasantaferrol.com\/wp-content\/uploads\/2022\/09\/3-Cautivos-atras-1024x683.jpg 1024w, https:\/\/semanasantaferrol.com\/wp-content\/uploads\/2022\/09\/3-Cautivos-atras-300x200.jpg 300w, https:\/\/semanasantaferrol.com\/wp-content\/uploads\/2022\/09\/3-Cautivos-atras-768x512.jpg 768w, https:\/\/semanasantaferrol.com\/wp-content\/uploads\/2022\/09\/3-Cautivos-atras.jpg 1500w\" sizes=\"(max-width: 800px) 100vw, 800px\" \/>\t\t\t\t\t\t\t\t\t\t\t\t\t\t\t<\/div>\n\t\t\t\t<\/div>\n\t\t\t\t<div class=\"elementor-element elementor-element-33360dd elementor-widget elementor-widget-image\" data-id=\"33360dd\" data-element_type=\"widget\" data-e-type=\"widget\" data-widget_type=\"image.default\">\n\t\t\t\t<div class=\"elementor-widget-container\">\n\t\t\t\t\t\t\t\t\t\t\t\t\t\t\t<img decoding=\"async\" width=\"800\" height=\"534\" src=\"https:\/\/semanasantaferrol.com\/wp-content\/uploads\/2022\/09\/3-Cautivos-1024x683.jpg\" class=\"attachment-large size-large wp-image-3933\" alt=\"\" srcset=\"https:\/\/semanasantaferrol.com\/wp-content\/uploads\/2022\/09\/3-Cautivos-1024x683.jpg 1024w, https:\/\/semanasantaferrol.com\/wp-content\/uploads\/2022\/09\/3-Cautivos-300x200.jpg 300w, https:\/\/semanasantaferrol.com\/wp-content\/uploads\/2022\/09\/3-Cautivos-768x512.jpg 768w, https:\/\/semanasantaferrol.com\/wp-content\/uploads\/2022\/09\/3-Cautivos.jpg 1500w\" sizes=\"(max-width: 800px) 100vw, 800px\" \/>\t\t\t\t\t\t\t\t\t\t\t\t\t\t\t<\/div>\n\t\t\t\t<\/div>\n\t\t\t\t\t<\/div>\n\t\t<\/div>\n\t\t\t\t\t<\/div>\n\t\t<\/section>\n\t\t\t\t<\/div>\n\t\t","protected":false},"excerpt":{"rendered":"<p>Manto da Nosa Se\u00f1ora dos Cautivos O manto exposto aqu\u00ed foi unha doaz\u00f3n realizada por unha devota \u00e1 Virxe dos Cativos, propiedade da Confrar\u00eda da Merc\u00e9. A peza, de veludo branco, foi bordada por Isabel Saavedra e estreada pola imaxe na Semana Santa de 2014. A nosa Se\u00f1ora dos Cativos \u00e9 unha imaxe de vestir [&hellip;]<\/p>\n","protected":false},"author":1,"featured_media":0,"parent":0,"menu_order":0,"comment_status":"closed","ping_status":"closed","template":"elementor_header_footer","meta":{"footnotes":""},"class_list":["post-3996","page","type-page","status-publish","hentry"],"yoast_head":"<!-- This site is optimized with the Yoast SEO plugin v27.5 - https:\/\/yoast.com\/product\/yoast-seo-wordpress\/ -->\n<title>Manto da Nosa Se\u00f1ora dos Cautivos - Junta General de Cofrad\u00edas y Hermandades<\/title>\n<meta name=\"robots\" content=\"index, follow, max-snippet:-1, max-image-preview:large, max-video-preview:-1\" \/>\n<link rel=\"canonical\" href=\"https:\/\/semanasantaferrol.com\/gl\/manto-da-nosa-senora-dos-cautivos\/\" \/>\n<meta property=\"og:locale\" content=\"gl_ES\" \/>\n<meta property=\"og:type\" content=\"article\" \/>\n<meta property=\"og:title\" content=\"Manto da Nosa Se\u00f1ora dos Cautivos - Junta General de Cofrad\u00edas y Hermandades\" \/>\n<meta property=\"og:description\" content=\"Manto da Nosa Se\u00f1ora dos Cautivos O manto exposto aqu\u00ed foi unha doaz\u00f3n realizada por unha devota \u00e1 Virxe dos Cativos, propiedade da Confrar\u00eda da Merc\u00e9. A peza, de veludo branco, foi bordada por Isabel Saavedra e estreada pola imaxe na Semana Santa de 2014. A nosa Se\u00f1ora dos Cativos \u00e9 unha imaxe de vestir [&hellip;]\" \/>\n<meta property=\"og:url\" content=\"https:\/\/semanasantaferrol.com\/gl\/manto-da-nosa-senora-dos-cautivos\/\" \/>\n<meta property=\"og:site_name\" content=\"Junta General de Cofrad\u00edas y Hermandades\" \/>\n<meta property=\"article:publisher\" content=\"https:\/\/www.facebook.com\/Juntageneraldecofradias\/\" \/>\n<meta property=\"article:modified_time\" content=\"2022-09-23T08:58:21+00:00\" \/>\n<meta property=\"og:image\" content=\"https:\/\/semanasantaferrol.com\/wp-content\/uploads\/2022\/09\/3-Cautivos-atras-1024x683.jpg\" \/>\n<meta name=\"twitter:card\" content=\"summary_large_image\" \/>\n<meta name=\"twitter:label1\" content=\"Tempo de lectura\" \/>\n\t<meta name=\"twitter:data1\" content=\"1 minuto\" \/>\n<script type=\"application\/ld+json\" class=\"yoast-schema-graph\">{\"@context\":\"https:\\\/\\\/schema.org\",\"@graph\":[{\"@type\":\"WebPage\",\"@id\":\"https:\\\/\\\/semanasantaferrol.com\\\/gl\\\/manto-da-nosa-senora-dos-cautivos\\\/\",\"url\":\"https:\\\/\\\/semanasantaferrol.com\\\/gl\\\/manto-da-nosa-senora-dos-cautivos\\\/\",\"name\":\"Manto da Nosa Se\u00f1ora dos Cautivos - Junta General de Cofrad\u00edas y Hermandades\",\"isPartOf\":{\"@id\":\"https:\\\/\\\/semanasantaferrol.com\\\/gl\\\/#website\"},\"primaryImageOfPage\":{\"@id\":\"https:\\\/\\\/semanasantaferrol.com\\\/gl\\\/manto-da-nosa-senora-dos-cautivos\\\/#primaryimage\"},\"image\":{\"@id\":\"https:\\\/\\\/semanasantaferrol.com\\\/gl\\\/manto-da-nosa-senora-dos-cautivos\\\/#primaryimage\"},\"thumbnailUrl\":\"https:\\\/\\\/semanasantaferrol.com\\\/wp-content\\\/uploads\\\/2022\\\/09\\\/3-Cautivos-atras-1024x683.jpg\",\"datePublished\":\"2022-09-23T08:39:03+00:00\",\"dateModified\":\"2022-09-23T08:58:21+00:00\",\"breadcrumb\":{\"@id\":\"https:\\\/\\\/semanasantaferrol.com\\\/gl\\\/manto-da-nosa-senora-dos-cautivos\\\/#breadcrumb\"},\"inLanguage\":\"gl-ES\",\"potentialAction\":[{\"@type\":\"ReadAction\",\"target\":[\"https:\\\/\\\/semanasantaferrol.com\\\/gl\\\/manto-da-nosa-senora-dos-cautivos\\\/\"]}]},{\"@type\":\"ImageObject\",\"inLanguage\":\"gl-ES\",\"@id\":\"https:\\\/\\\/semanasantaferrol.com\\\/gl\\\/manto-da-nosa-senora-dos-cautivos\\\/#primaryimage\",\"url\":\"https:\\\/\\\/semanasantaferrol.com\\\/wp-content\\\/uploads\\\/2022\\\/09\\\/3-Cautivos-atras-1024x683.jpg\",\"contentUrl\":\"https:\\\/\\\/semanasantaferrol.com\\\/wp-content\\\/uploads\\\/2022\\\/09\\\/3-Cautivos-atras-1024x683.jpg\"},{\"@type\":\"BreadcrumbList\",\"@id\":\"https:\\\/\\\/semanasantaferrol.com\\\/gl\\\/manto-da-nosa-senora-dos-cautivos\\\/#breadcrumb\",\"itemListElement\":[{\"@type\":\"ListItem\",\"position\":1,\"name\":\"Portada\",\"item\":\"https:\\\/\\\/semanasantaferrol.com\\\/gl\\\/\"},{\"@type\":\"ListItem\",\"position\":2,\"name\":\"Manto da Nosa Se\u00f1ora dos Cautivos\"}]},{\"@type\":\"WebSite\",\"@id\":\"https:\\\/\\\/semanasantaferrol.com\\\/gl\\\/#website\",\"url\":\"https:\\\/\\\/semanasantaferrol.com\\\/gl\\\/\",\"name\":\"Junta General de Cofrad\u00edas y Hermandades\",\"description\":\"Semana Santa de Ferrol\",\"publisher\":{\"@id\":\"https:\\\/\\\/semanasantaferrol.com\\\/gl\\\/#organization\"},\"alternateName\":\"Semana Santa de Ferrol\",\"potentialAction\":[{\"@type\":\"SearchAction\",\"target\":{\"@type\":\"EntryPoint\",\"urlTemplate\":\"https:\\\/\\\/semanasantaferrol.com\\\/gl\\\/?s={search_term_string}\"},\"query-input\":{\"@type\":\"PropertyValueSpecification\",\"valueRequired\":true,\"valueName\":\"search_term_string\"}}],\"inLanguage\":\"gl-ES\"},{\"@type\":\"Organization\",\"@id\":\"https:\\\/\\\/semanasantaferrol.com\\\/gl\\\/#organization\",\"name\":\"Junta General de Cofrad\u00edas y Hermandades de la Semana Santa de Ferrol\",\"alternateName\":\"Junta de Cofrad\u00edas de la Semana Santa de Ferrol\",\"url\":\"https:\\\/\\\/semanasantaferrol.com\\\/gl\\\/\",\"logo\":{\"@type\":\"ImageObject\",\"inLanguage\":\"gl-ES\",\"@id\":\"https:\\\/\\\/semanasantaferrol.com\\\/gl\\\/#\\\/schema\\\/logo\\\/image\\\/\",\"url\":\"https:\\\/\\\/semanasantaferrol.com\\\/wp-content\\\/uploads\\\/2022\\\/10\\\/junta_general_logo.svg\",\"contentUrl\":\"https:\\\/\\\/semanasantaferrol.com\\\/wp-content\\\/uploads\\\/2022\\\/10\\\/junta_general_logo.svg\",\"width\":600,\"height\":790,\"caption\":\"Junta General de Cofrad\u00edas y Hermandades de la Semana Santa de Ferrol\"},\"image\":{\"@id\":\"https:\\\/\\\/semanasantaferrol.com\\\/gl\\\/#\\\/schema\\\/logo\\\/image\\\/\"},\"sameAs\":[\"https:\\\/\\\/www.facebook.com\\\/Juntageneraldecofradias\\\/\",\"https:\\\/\\\/www.instagram.com\\\/juntageneralcofradiasferrol\\\/\",\"https:\\\/\\\/www.youtube.com\\\/@semanasantadeferrol1616\",\"https:\\\/\\\/www.tiktok.com\\\/@semanasantadeferrol\"]}]}<\/script>\n<!-- \/ Yoast SEO plugin. -->","yoast_head_json":{"title":"Manto da Nosa Se\u00f1ora dos Cautivos - Junta General de Cofrad\u00edas y Hermandades","robots":{"index":"index","follow":"follow","max-snippet":"max-snippet:-1","max-image-preview":"max-image-preview:large","max-video-preview":"max-video-preview:-1"},"canonical":"https:\/\/semanasantaferrol.com\/gl\/manto-da-nosa-senora-dos-cautivos\/","og_locale":"gl_ES","og_type":"article","og_title":"Manto da Nosa Se\u00f1ora dos Cautivos - Junta General de Cofrad\u00edas y Hermandades","og_description":"Manto da Nosa Se\u00f1ora dos Cautivos O manto exposto aqu\u00ed foi unha doaz\u00f3n realizada por unha devota \u00e1 Virxe dos Cativos, propiedade da Confrar\u00eda da Merc\u00e9. A peza, de veludo branco, foi bordada por Isabel Saavedra e estreada pola imaxe na Semana Santa de 2014. A nosa Se\u00f1ora dos Cativos \u00e9 unha imaxe de vestir [&hellip;]","og_url":"https:\/\/semanasantaferrol.com\/gl\/manto-da-nosa-senora-dos-cautivos\/","og_site_name":"Junta General de Cofrad\u00edas y Hermandades","article_publisher":"https:\/\/www.facebook.com\/Juntageneraldecofradias\/","article_modified_time":"2022-09-23T08:58:21+00:00","og_image":[{"url":"https:\/\/semanasantaferrol.com\/wp-content\/uploads\/2022\/09\/3-Cautivos-atras-1024x683.jpg","type":"","width":"","height":""}],"twitter_card":"summary_large_image","twitter_misc":{"Tempo de lectura":"1 minuto"},"schema":{"@context":"https:\/\/schema.org","@graph":[{"@type":"WebPage","@id":"https:\/\/semanasantaferrol.com\/gl\/manto-da-nosa-senora-dos-cautivos\/","url":"https:\/\/semanasantaferrol.com\/gl\/manto-da-nosa-senora-dos-cautivos\/","name":"Manto da Nosa Se\u00f1ora dos Cautivos - Junta General de Cofrad\u00edas y Hermandades","isPartOf":{"@id":"https:\/\/semanasantaferrol.com\/gl\/#website"},"primaryImageOfPage":{"@id":"https:\/\/semanasantaferrol.com\/gl\/manto-da-nosa-senora-dos-cautivos\/#primaryimage"},"image":{"@id":"https:\/\/semanasantaferrol.com\/gl\/manto-da-nosa-senora-dos-cautivos\/#primaryimage"},"thumbnailUrl":"https:\/\/semanasantaferrol.com\/wp-content\/uploads\/2022\/09\/3-Cautivos-atras-1024x683.jpg","datePublished":"2022-09-23T08:39:03+00:00","dateModified":"2022-09-23T08:58:21+00:00","breadcrumb":{"@id":"https:\/\/semanasantaferrol.com\/gl\/manto-da-nosa-senora-dos-cautivos\/#breadcrumb"},"inLanguage":"gl-ES","potentialAction":[{"@type":"ReadAction","target":["https:\/\/semanasantaferrol.com\/gl\/manto-da-nosa-senora-dos-cautivos\/"]}]},{"@type":"ImageObject","inLanguage":"gl-ES","@id":"https:\/\/semanasantaferrol.com\/gl\/manto-da-nosa-senora-dos-cautivos\/#primaryimage","url":"https:\/\/semanasantaferrol.com\/wp-content\/uploads\/2022\/09\/3-Cautivos-atras-1024x683.jpg","contentUrl":"https:\/\/semanasantaferrol.com\/wp-content\/uploads\/2022\/09\/3-Cautivos-atras-1024x683.jpg"},{"@type":"BreadcrumbList","@id":"https:\/\/semanasantaferrol.com\/gl\/manto-da-nosa-senora-dos-cautivos\/#breadcrumb","itemListElement":[{"@type":"ListItem","position":1,"name":"Portada","item":"https:\/\/semanasantaferrol.com\/gl\/"},{"@type":"ListItem","position":2,"name":"Manto da Nosa Se\u00f1ora dos Cautivos"}]},{"@type":"WebSite","@id":"https:\/\/semanasantaferrol.com\/gl\/#website","url":"https:\/\/semanasantaferrol.com\/gl\/","name":"Junta General de Cofrad\u00edas y Hermandades","description":"Semana Santa de Ferrol","publisher":{"@id":"https:\/\/semanasantaferrol.com\/gl\/#organization"},"alternateName":"Semana Santa de Ferrol","potentialAction":[{"@type":"SearchAction","target":{"@type":"EntryPoint","urlTemplate":"https:\/\/semanasantaferrol.com\/gl\/?s={search_term_string}"},"query-input":{"@type":"PropertyValueSpecification","valueRequired":true,"valueName":"search_term_string"}}],"inLanguage":"gl-ES"},{"@type":"Organization","@id":"https:\/\/semanasantaferrol.com\/gl\/#organization","name":"Junta General de Cofrad\u00edas y Hermandades de la Semana Santa de Ferrol","alternateName":"Junta de Cofrad\u00edas de la Semana Santa de Ferrol","url":"https:\/\/semanasantaferrol.com\/gl\/","logo":{"@type":"ImageObject","inLanguage":"gl-ES","@id":"https:\/\/semanasantaferrol.com\/gl\/#\/schema\/logo\/image\/","url":"https:\/\/semanasantaferrol.com\/wp-content\/uploads\/2022\/10\/junta_general_logo.svg","contentUrl":"https:\/\/semanasantaferrol.com\/wp-content\/uploads\/2022\/10\/junta_general_logo.svg","width":600,"height":790,"caption":"Junta General de Cofrad\u00edas y Hermandades de la Semana Santa de Ferrol"},"image":{"@id":"https:\/\/semanasantaferrol.com\/gl\/#\/schema\/logo\/image\/"},"sameAs":["https:\/\/www.facebook.com\/Juntageneraldecofradias\/","https:\/\/www.instagram.com\/juntageneralcofradiasferrol\/","https:\/\/www.youtube.com\/@semanasantadeferrol1616","https:\/\/www.tiktok.com\/@semanasantadeferrol"]}]}},"_links":{"self":[{"href":"https:\/\/semanasantaferrol.com\/gl\/wp-json\/wp\/v2\/pages\/3996","targetHints":{"allow":["GET"]}}],"collection":[{"href":"https:\/\/semanasantaferrol.com\/gl\/wp-json\/wp\/v2\/pages"}],"about":[{"href":"https:\/\/semanasantaferrol.com\/gl\/wp-json\/wp\/v2\/types\/page"}],"author":[{"embeddable":true,"href":"https:\/\/semanasantaferrol.com\/gl\/wp-json\/wp\/v2\/users\/1"}],"replies":[{"embeddable":true,"href":"https:\/\/semanasantaferrol.com\/gl\/wp-json\/wp\/v2\/comments?post=3996"}],"version-history":[{"count":2,"href":"https:\/\/semanasantaferrol.com\/gl\/wp-json\/wp\/v2\/pages\/3996\/revisions"}],"predecessor-version":[{"id":4033,"href":"https:\/\/semanasantaferrol.com\/gl\/wp-json\/wp\/v2\/pages\/3996\/revisions\/4033"}],"wp:attachment":[{"href":"https:\/\/semanasantaferrol.com\/gl\/wp-json\/wp\/v2\/media?parent=3996"}],"curies":[{"name":"wp","href":"https:\/\/api.w.org\/{rel}","templated":true}]}}