{"version":"1.0","provider_name":"Junta General de Cofrad\u00edas y Hermandades","provider_url":"https:\/\/semanasantaferrol.com\/gl\/","title":"As tres procesi\u00f3ns do Xoves Santo en Ferrol: a m\u00e1is nova, a m\u00e1is longa e a m\u00e1is numerosa - Junta General de Cofrad\u00edas y Hermandades","type":"rich","width":600,"height":338,"html":"<blockquote class=\"wp-embedded-content\" data-secret=\"sFdqxBuaTt\"><a href=\"https:\/\/semanasantaferrol.com\/gl\/xoves-santo-en-ferrol\/\">As tres procesi\u00f3ns do Xoves Santo en Ferrol: a m\u00e1is nova, a m\u00e1is longa e a m\u00e1is numerosa<\/a><\/blockquote><iframe sandbox=\"allow-scripts\" security=\"restricted\" src=\"https:\/\/semanasantaferrol.com\/gl\/xoves-santo-en-ferrol\/embed\/#?secret=sFdqxBuaTt\" width=\"600\" height=\"338\" title=\"&#8220;As tres procesi\u00f3ns do Xoves Santo en Ferrol: a m\u00e1is nova, a m\u00e1is longa e a m\u00e1is numerosa&#8221; &#8212; Junta General de Cofrad\u00edas y Hermandades\" data-secret=\"sFdqxBuaTt\" frameborder=\"0\" marginwidth=\"0\" marginheight=\"0\" scrolling=\"no\" class=\"wp-embedded-content\"><\/iframe><script>\n\/*! This file is auto-generated *\/\n!function(d,l){\"use strict\";l.querySelector&&d.addEventListener&&\"undefined\"!=typeof URL&&(d.wp=d.wp||{},d.wp.receiveEmbedMessage||(d.wp.receiveEmbedMessage=function(e){var t=e.data;if((t||t.secret||t.message||t.value)&&!\/[^a-zA-Z0-9]\/.test(t.secret)){for(var s,r,n,a=l.querySelectorAll('iframe[data-secret=\"'+t.secret+'\"]'),o=l.querySelectorAll('blockquote[data-secret=\"'+t.secret+'\"]'),c=new RegExp(\"^https?:$\",\"i\"),i=0;i<o.length;i++)o[i].style.display=\"none\";for(i=0;i<a.length;i++)s=a[i],e.source===s.contentWindow&&(s.removeAttribute(\"style\"),\"height\"===t.message?(1e3<(r=parseInt(t.value,10))?r=1e3:~~r<200&&(r=200),s.height=r):\"link\"===t.message&&(r=new URL(s.getAttribute(\"src\")),n=new URL(t.value),c.test(n.protocol))&&n.host===r.host&&l.activeElement===s&&(d.top.location.href=t.value))}},d.addEventListener(\"message\",d.wp.receiveEmbedMessage,!1),l.addEventListener(\"DOMContentLoaded\",function(){for(var e,t,s=l.querySelectorAll(\"iframe.wp-embedded-content\"),r=0;r<s.length;r++)(t=(e=s[r]).getAttribute(\"data-secret\"))||(t=Math.random().toString(36).substring(2,12),e.src+=\"#?secret=\"+t,e.setAttribute(\"data-secret\",t)),e.contentWindow.postMessage({message:\"ready\",secret:t},\"*\")},!1)))}(window,document);\n\/\/# sourceURL=https:\/\/semanasantaferrol.com\/wp-includes\/js\/wp-embed.min.js\n<\/script>\n","thumbnail_url":"https:\/\/semanasantaferrol.com\/wp-content\/uploads\/2026\/03\/12-Misericordia-scaled-e1774953531563.jpg","thumbnail_width":2223,"thumbnail_height":1668,"description":"O Xoves e o Venres Santo son os d\u00edas m\u00e1is importantes da Semana Santa de Ferrol, nos que se celebran as procesi\u00f3ns m\u00e1is multitudinarias e emocionantes. O pasado 2025, e para algunhas irmandades tam\u00e9n o anterior 2024, foron anos de frustraci\u00f3n nestas xornadas, de xeito que as tres confrar\u00edas que saen \u00e1 r\u00faa ma\u00f1\u00e1 te\u00f1en [&hellip;]"}