{"version":"1.0","provider_name":"Junta General de Cofrad\u00edas y Hermandades","provider_url":"https:\/\/semanasantaferrol.com\/gl\/","title":"Mar\u00eda Magdalena - Junta General de Cofrad\u00edas y Hermandades","type":"rich","width":600,"height":338,"html":"<blockquote class=\"wp-embedded-content\" data-secret=\"kUV30HhiT1\"><a href=\"https:\/\/semanasantaferrol.com\/gl\/maria-magdalena\/\">Mar\u00eda Magdalena<\/a><\/blockquote><iframe sandbox=\"allow-scripts\" security=\"restricted\" src=\"https:\/\/semanasantaferrol.com\/gl\/maria-magdalena\/embed\/#?secret=kUV30HhiT1\" width=\"600\" height=\"338\" title=\"&#8220;Mar\u00eda Magdalena&#8221; &#8212; Junta General de Cofrad\u00edas y Hermandades\" data-secret=\"kUV30HhiT1\" frameborder=\"0\" marginwidth=\"0\" marginheight=\"0\" scrolling=\"no\" class=\"wp-embedded-content\"><\/iframe><script>\n\/*! This file is auto-generated *\/\n!function(d,l){\"use strict\";l.querySelector&&d.addEventListener&&\"undefined\"!=typeof URL&&(d.wp=d.wp||{},d.wp.receiveEmbedMessage||(d.wp.receiveEmbedMessage=function(e){var t=e.data;if((t||t.secret||t.message||t.value)&&!\/[^a-zA-Z0-9]\/.test(t.secret)){for(var s,r,n,a=l.querySelectorAll('iframe[data-secret=\"'+t.secret+'\"]'),o=l.querySelectorAll('blockquote[data-secret=\"'+t.secret+'\"]'),c=new RegExp(\"^https?:$\",\"i\"),i=0;i<o.length;i++)o[i].style.display=\"none\";for(i=0;i<a.length;i++)s=a[i],e.source===s.contentWindow&&(s.removeAttribute(\"style\"),\"height\"===t.message?(1e3<(r=parseInt(t.value,10))?r=1e3:~~r<200&&(r=200),s.height=r):\"link\"===t.message&&(r=new URL(s.getAttribute(\"src\")),n=new URL(t.value),c.test(n.protocol))&&n.host===r.host&&l.activeElement===s&&(d.top.location.href=t.value))}},d.addEventListener(\"message\",d.wp.receiveEmbedMessage,!1),l.addEventListener(\"DOMContentLoaded\",function(){for(var e,t,s=l.querySelectorAll(\"iframe.wp-embedded-content\"),r=0;r<s.length;r++)(t=(e=s[r]).getAttribute(\"data-secret\"))||(t=Math.random().toString(36).substring(2,12),e.src+=\"#?secret=\"+t,e.setAttribute(\"data-secret\",t)),e.contentWindow.postMessage({message:\"ready\",secret:t},\"*\")},!1)))}(window,document);\n\/\/# sourceURL=https:\/\/semanasantaferrol.com\/wp-includes\/js\/wp-embed.min.js\n<\/script>\n","description":"Mar\u00eda Magdalena Talla de vestir propiedade da confrar\u00eda da Soidade. Est\u00e1 realizada en \u201cterracota\u201d polo imaxineiro D. Jos\u00e9 Negr\u00ed Acevedo. Sa\u00edu por primeira vez na xornada do Domingo de Resurrecci\u00f3n en 2016 no cortexo de Jes\u00fas Resucitado ao Encontro coa s\u00faa Nai.","thumbnail_url":"https:\/\/semanasantaferrol.com\/wp-content\/uploads\/2022\/09\/15-MariaMagdalena-1024x739.jpg"}